{"id":2969,"date":"2020-03-24T22:22:56","date_gmt":"2020-03-24T22:22:56","guid":{"rendered":"https:\/\/curesz.org\/?page_id=2969"},"modified":"2020-03-26T13:14:10","modified_gmt":"2020-03-26T13:14:10","slug":"joy-isabel","status":"publish","type":"page","link":"https:\/\/curesz.org\/pt_pt\/survivors\/joy-isabel\/","title":{"rendered":"Joy Isabel"},"content":{"rendered":"<p><div class=\"fusion-fullwidth fullwidth-box fusion-builder-row-1 fusion-flex-container nonhundred-percent-fullwidth non-hundred-percent-height-scrolling\" style=\"--awb-border-radius-top-left:0px;--awb-border-radius-top-right:0px;--awb-border-radius-bottom-right:0px;--awb-border-radius-bottom-left:0px;--awb-flex-wrap:wrap;\" ><div class=\"fusion-builder-row fusion-row fusion-flex-align-items-flex-start fusion-flex-content-wrap\" style=\"max-width:1352px;margin-left: calc(-4% \/ 2 );margin-right: calc(-4% \/ 2 );\"><div class=\"fusion-layout-column fusion_builder_column fusion-builder-column-0 fusion_builder_column_1_4 1_4 fusion-flex-column\" style=\"--awb-bg-size:cover;--awb-width-large:25%;--awb-margin-top-large:0px;--awb-spacing-right-large:3.84%;--awb-margin-bottom-large:20px;--awb-spacing-left-large:7.68%;--awb-width-medium:100%;--awb-spacing-right-medium:1.92%;--awb-spacing-left-medium:1.92%;--awb-width-small:100%;--awb-spacing-right-small:1.92%;--awb-spacing-left-small:1.92%;\"><div class=\"fusion-column-wrapper fusion-column-has-shadow fusion-flex-justify-content-flex-start fusion-content-layout-column\"><div class=\"fusion-image-element\" style=\"--awb-caption-title-font-family:var(--h2_typography-font-family);--awb-caption-title-font-weight:var(--h2_typography-font-weight);--awb-caption-title-font-style:var(--h2_typography-font-style);--awb-caption-title-size:var(--h2_typography-font-size);--awb-caption-title-transform:var(--h2_typography-text-transform);--awb-caption-title-line-height:var(--h2_typography-line-height);--awb-caption-title-letter-spacing:var(--h2_typography-letter-spacing);\"><span class=\"fusion-imageframe imageframe-none imageframe-1 hover-type-none\"><img decoding=\"async\" width=\"384\" height=\"384\" alt=\"Origami folded by Joy\" title=\"O WXYZ \u2013 por Tung Ken Lam\" src=\"https:\/\/curesz.org\/wp-content\/uploads\/2020\/03\/The-WXYZ-by-Tung-Ken-Lam-e1585088397986.jpg\" data-orig-src=\"https:\/\/curesz.org\/wp-content\/uploads\/2020\/03\/The-WXYZ-by-Tung-Ken-Lam-e1585088397986.jpg\" class=\"lazyload img-responsive wp-image-2971\" srcset=\"data:image\/svg+xml,%3Csvg%20xmlns%3D%27http%3A%2F%2Fwww.w3.org%2F2000%2Fsvg%27%20width%3D%27384%27%20height%3D%27384%27%20viewBox%3D%270%200%20384%20384%27%3E%3Crect%20width%3D%27384%27%20height%3D%27384%27%20fill-opacity%3D%220%22%2F%3E%3C%2Fsvg%3E\" data-srcset=\"https:\/\/curesz.org\/wp-content\/uploads\/2020\/03\/The-WXYZ-by-Tung-Ken-Lam-e1585088397986-200x200.jpg 200w, https:\/\/curesz.org\/wp-content\/uploads\/2020\/03\/The-WXYZ-by-Tung-Ken-Lam-e1585088397986.jpg 384w\" data-sizes=\"auto\" data-orig-sizes=\"(max-width: 1024px) 100vw, (max-width: 640px) 100vw, 384px\" \/><\/span><\/div><div class=\"fusion-text fusion-text-1\"><p><span style=\"font-weight: 400;\">A imagem \u00e9 chamada de \u201cThe WXYZ\u201d, projetada por Tung Ken Lam e dobrada por Joy.<\/span><\/p>\n<\/div><\/div><\/div><div class=\"fusion-layout-column fusion_builder_column fusion-builder-column-1 fusion_builder_column_3_4 3_4 fusion-flex-column\" style=\"--awb-bg-size:cover;--awb-width-large:75%;--awb-margin-top-large:0px;--awb-spacing-right-large:2.56%;--awb-margin-bottom-large:20px;--awb-spacing-left-large:3.84%;--awb-width-medium:100%;--awb-spacing-right-medium:1.92%;--awb-spacing-left-medium:1.92%;--awb-width-small:100%;--awb-spacing-right-small:1.92%;--awb-spacing-left-small:1.92%;\"><div class=\"fusion-column-wrapper fusion-column-has-shadow fusion-flex-justify-content-flex-start fusion-content-layout-column\"><div class=\"fusion-text fusion-text-2\"><p>Superando o Transtorno Esquizoafetivo: Joy Isabel<\/p>\n<p>Cresci em Ohio e tive uma inf\u00e2ncia feliz com pais amorosos. Eu estava envolvido em muitas atividades, incluindo dan\u00e7a, cross country, banda e igreja. No entanto, lembro-me de ter intensas mudan\u00e7as de humor j\u00e1 na segunda s\u00e9rie. Eles afetaram o relacionamento com minha fam\u00edlia e amigos, mas minhas mudan\u00e7as de humor n\u00e3o foram reconhecidas como um sinal de doen\u00e7a mental.<\/p>\n<p>Em 2003, terminei o ensino m\u00e9dio e fui estudar na Ohio State University, onde esperava encontrar amigos para toda a vida. Interagir com pessoas em situa\u00e7\u00f5es puramente sociais nunca foi f\u00e1cil para mim. No ambiente vagamente estruturado de uma universidade muito grande, lutei para fazer amigos \u00edntimos.<\/p>\n<p>N\u00e3o foi at\u00e9 meus vinte e poucos anos, quando comecei a p\u00f3s-gradua\u00e7\u00e3o, que meu estado emocional se tornou insuport\u00e1vel. Eu n\u00e3o conseguia parar de chorar. Finalmente, em 2010, fui ver um conselheiro que reconheceu minha depress\u00e3o e recomendou terapia de grupo. Por algumas semanas, participei de uma terapia de grupo de curta dura\u00e7\u00e3o, o que me fez sentir melhor. Infelizmente, fiquei desiludido porque continuei a lutar com minhas emo\u00e7\u00f5es no dia-a-dia.<\/p>\n<p>Perseverei em meus estudos e obtive meu mestrado em ensino de ingl\u00eas em 2013. Minha esperan\u00e7a era que, se conseguisse um emprego de que gostasse, seria capaz de mant\u00ea-lo por muito tempo. Durante minha adolesc\u00eancia e meus 20 anos, tive v\u00e1rios empregos, mas n\u00e3o consegui manter a maioria deles por mais de um ou dois anos. \u00c0s vezes, o estresse do trabalho era esmagador e outras vezes eu simplesmente lutava porque era dif\u00edcil interagir socialmente.<\/p>\n<p>Ent\u00e3o, com meu diploma nas m\u00e3os e esperan\u00e7a no cora\u00e7\u00e3o, parti para ensinar ingl\u00eas na China em 2013. Experimentando um novo pa\u00eds e cultura, eu estava voando alto, vivendo meu sonho e aproveitando minha vida.<\/p>\n<p>No entanto, nos dois anos e meio seguintes na China, fiquei ainda mais isolado. Minha solid\u00e3o finalmente me levou ao limite. Eu estava paran\u00f3ico e sofrendo de uma ansiedade terr\u00edvel. Delirante, perdi a capacidade de enfrentar, fazer meu trabalho e viver minha vida. Em meu mundo delirante, pensei que seria acusado de um crime e usado para fins nefastos, ent\u00e3o cometi atos de automutila\u00e7\u00e3o e fanatizei o suic\u00eddio.<\/p>\n<p>Ao voltar da China, fugi de minha fam\u00edlia e comecei a viver nas ruas, passando fome, doen\u00e7as e emagrecimento. De longe, a pior experi\u00eancia foi o terror acontecendo dentro da minha mente. Quando me permiti come\u00e7ar a comer de novo, comecei a me sentir melhor emocionalmente, mas ainda estava delirando. Minha cren\u00e7a era que eu n\u00e3o poderia aceitar ajuda de ningu\u00e9m ou ir para um abrigo para sem-teto, ent\u00e3o eu comia em lixeiras. Durante esse tempo, recusei contato com meus pais. Mais tarde, descobri que eles estavam com medo de que eu estivesse morto ou com s\u00e9rios problemas. Meus pais fizeram de tudo para me encontrar. Foi s\u00f3 depois que eles receberam minha conta do pronto-socorro que me encontraram e nos reencontramos.<\/p>\n<p>A conta do pronto-socorro surgiu quando decidi, depois de v\u00e1rios meses nas ruas, ir a um hospital. Um policial gentil me pegou no acostamento de uma rodovia e me deixou no hospital. Embora inicialmente n\u00e3o acreditasse que tivesse uma doen\u00e7a psic\u00f3tica, percebi que estava doente. Eu estava aberto para aprender sobre minha condi\u00e7\u00e3o, que foi diagnosticada como transtorno esquizoafetivo, tipo bipolar. At\u00e9 hoje, tomo rem\u00e9dios consistentemente desde o final de 2016.<\/p>\n<p>Mas mesmo depois de v\u00e1rios anos ap\u00f3s minha hospitaliza\u00e7\u00e3o, eu ainda sofria de paran\u00f3ia e ansiedade e tinha problemas para sair de casa, passar tempo com amigos e procurar emprego. Finalmente, em meados de 2018, encontrei uma posi\u00e7\u00e3o de vendas e comecei a trabalhar 40 horas por semana. Meu trabalho me deu um senso de normalidade e autoestima, e agora estou muito mais saud\u00e1vel do que antes de come\u00e7ar.<\/p>\n<p>Hoje, estou mais feliz do que h\u00e1 muito tempo. O trabalho e o deslocamento ocupam muito do meu tempo e me deixam cansado, mas ainda consigo praticar o autocuidado.<\/p>\n<p>Praticar exerc\u00edcios regularmente e correr meias maratonas me mant\u00e9m saud\u00e1vel e aumenta minhas endorfinas. Participar de um grupo local de origami fornece um ambiente de aprendizado e ensino de apoio. Tricotar, fazer croch\u00ea e costurar itens de vestu\u00e1rio e cobertores fornece uma sa\u00edda criativa e \u00e9 uma forma de auto-express\u00e3o. Os trabalhos de jardinagem e jardinagem mant\u00eam-me em contacto com a natureza e proporcionam uma sensa\u00e7\u00e3o de bem-estar.<\/p>\n<p>Morando em casa, desfruto do apoio emocional de meus pais, que ficaram aliviados ao me encontrar vivo em um abrigo para sem-teto. Eles est\u00e3o felizes por eu morar com eles agora e ap\u00f3iam minha recupera\u00e7\u00e3o e meus esfor\u00e7os de autocuidado.<\/p>\n<p>Tamb\u00e9m me beneficiei por participar de reuni\u00f5es locais de Esquizofr\u00eanicos An\u00f4nimos (SA), onde conheci amigos e posso interagir com pessoas que entendem minhas experi\u00eancias cotidianas vivendo com uma doen\u00e7a psic\u00f3tica. Frequento a SA h\u00e1 v\u00e1rios meses.<\/p>\n<p>Cada pessoa e cada situa\u00e7\u00e3o \u00e9 diferente. Para mim, o trabalho tem sido curador e me ajudou a me recuperar da minha doen\u00e7a. Se voc\u00ea quer trabalhar, encorajo-o a procurar um ambiente de apoio e tentar. Voc\u00ea pode descobrir que isso lhe faz muito bem.<\/p>\n<\/div><\/div><\/div><\/div><\/div><div class=\"fusion-fullwidth fullwidth-box fusion-builder-row-2 fusion-flex-container hundred-percent-fullwidth non-hundred-percent-height-scrolling\" style=\"--awb-border-radius-top-left:0px;--awb-border-radius-top-right:0px;--awb-border-radius-bottom-right:0px;--awb-border-radius-bottom-left:0px;--awb-padding-top:0px;--awb-padding-right:0px;--awb-padding-bottom:0px;--awb-padding-left:0px;--awb-margin-top:0px;--awb-margin-bottom:0px;--awb-background-color:#015da7;--awb-flex-wrap:wrap;\" ><div class=\"fusion-builder-row fusion-row fusion-flex-align-items-flex-start fusion-flex-content-wrap\" style=\"width:104% !important;max-width:104% !important;margin-left: calc(-4% \/ 2 );margin-right: calc(-4% \/ 2 );\"><\/div><\/div>\n<\/p>","protected":false},"excerpt":{"rendered":"","protected":false},"author":3,"featured_media":0,"parent":35,"menu_order":0,"comment_status":"closed","ping_status":"closed","template":"100-width.php","meta":{"_acf_changed":false,"footnotes":""},"class_list":["post-2969","page","type-page","status-publish","hentry"],"acf":[],"yoast_head":"<!-- This site is optimized with the Yoast SEO plugin v27.4 - https:\/\/yoast.com\/product\/yoast-seo-wordpress\/ -->\n<title>Joy Isabel - CURESZ Foundation<\/title>\n<meta name=\"robots\" content=\"index, follow, max-snippet:-1, max-image-preview:large, max-video-preview:-1\" \/>\n<link rel=\"canonical\" href=\"https:\/\/curesz.org\/pt_pt\/survivors\/joy-isabel\/\" \/>\n<meta property=\"og:locale\" content=\"pt_PT\" \/>\n<meta property=\"og:type\" content=\"article\" \/>\n<meta property=\"og:title\" content=\"Joy Isabel - CURESZ Foundation\" \/>\n<meta property=\"og:url\" content=\"https:\/\/curesz.org\/pt_pt\/survivors\/joy-isabel\/\" \/>\n<meta property=\"og:site_name\" content=\"CURESZ Foundation\" \/>\n<meta property=\"article:publisher\" content=\"https:\/\/www.facebook.com\/Cureszorg\/\" \/>\n<meta property=\"article:modified_time\" content=\"2020-03-26T13:14:10+00:00\" \/>\n<meta name=\"twitter:card\" content=\"summary_large_image\" \/>\n<meta name=\"twitter:site\" content=\"@cureszorg\" \/>\n<meta name=\"twitter:label1\" content=\"Tempo estimado de leitura\" \/>\n\t<meta name=\"twitter:data1\" content=\"7 minutos\" \/>\n<script type=\"application\/ld+json\" class=\"yoast-schema-graph\">{\"@context\":\"https:\\\/\\\/schema.org\",\"@graph\":[{\"@type\":\"WebPage\",\"@id\":\"https:\\\/\\\/curesz.org\\\/survivors\\\/joy-isabel\\\/\",\"url\":\"https:\\\/\\\/curesz.org\\\/survivors\\\/joy-isabel\\\/\",\"name\":\"Joy Isabel - CURESZ Foundation\",\"isPartOf\":{\"@id\":\"https:\\\/\\\/curesz.org\\\/#website\"},\"datePublished\":\"2020-03-24T22:22:56+00:00\",\"dateModified\":\"2020-03-26T13:14:10+00:00\",\"breadcrumb\":{\"@id\":\"https:\\\/\\\/curesz.org\\\/survivors\\\/joy-isabel\\\/#breadcrumb\"},\"inLanguage\":\"pt-PT\",\"potentialAction\":[{\"@type\":\"ReadAction\",\"target\":[\"https:\\\/\\\/curesz.org\\\/survivors\\\/joy-isabel\\\/\"]}]},{\"@type\":\"BreadcrumbList\",\"@id\":\"https:\\\/\\\/curesz.org\\\/survivors\\\/joy-isabel\\\/#breadcrumb\",\"itemListElement\":[{\"@type\":\"ListItem\",\"position\":1,\"name\":\"Home\",\"item\":\"https:\\\/\\\/curesz.org\\\/\"},{\"@type\":\"ListItem\",\"position\":2,\"name\":\"Survivors\",\"item\":\"https:\\\/\\\/curesz.org\\\/survivors\\\/\"},{\"@type\":\"ListItem\",\"position\":3,\"name\":\"Joy Isabel\"}]},{\"@type\":\"WebSite\",\"@id\":\"https:\\\/\\\/curesz.org\\\/#website\",\"url\":\"https:\\\/\\\/curesz.org\\\/\",\"name\":\"CURESZ Foundation\",\"description\":\"The CURESZ Foundation provides educational updates to patients, families, healthcare professionals and the general public about schizophrenia.\",\"publisher\":{\"@id\":\"https:\\\/\\\/curesz.org\\\/#organization\"},\"potentialAction\":[{\"@type\":\"SearchAction\",\"target\":{\"@type\":\"EntryPoint\",\"urlTemplate\":\"https:\\\/\\\/curesz.org\\\/?s={search_term_string}\"},\"query-input\":{\"@type\":\"PropertyValueSpecification\",\"valueRequired\":true,\"valueName\":\"search_term_string\"}}],\"inLanguage\":\"pt-PT\"},{\"@type\":\"Organization\",\"@id\":\"https:\\\/\\\/curesz.org\\\/#organization\",\"name\":\"Curesz Foundation\",\"url\":\"https:\\\/\\\/curesz.org\\\/\",\"logo\":{\"@type\":\"ImageObject\",\"inLanguage\":\"pt-PT\",\"@id\":\"https:\\\/\\\/curesz.org\\\/#\\\/schema\\\/logo\\\/image\\\/\",\"url\":\"https:\\\/\\\/curesz.org\\\/wp-content\\\/uploads\\\/2020\\\/02\\\/cropped-Logo-with-Foundation-Custom.png\",\"contentUrl\":\"https:\\\/\\\/curesz.org\\\/wp-content\\\/uploads\\\/2020\\\/02\\\/cropped-Logo-with-Foundation-Custom.png\",\"width\":200,\"height\":133,\"caption\":\"Curesz Foundation\"},\"image\":{\"@id\":\"https:\\\/\\\/curesz.org\\\/#\\\/schema\\\/logo\\\/image\\\/\"},\"sameAs\":[\"https:\\\/\\\/www.facebook.com\\\/Cureszorg\\\/\",\"https:\\\/\\\/x.com\\\/cureszorg\",\"https:\\\/\\\/www.instagram.com\\\/cureszfoundation\\\/\",\"https:\\\/\\\/www.youtube.com\\\/channel\\\/UCT3uVzTt8jiJ2qdhuosHPvg\"]}]}<\/script>\n<!-- \/ Yoast SEO plugin. -->","yoast_head_json":{"title":"Joy Isabel - CURESZ Foundation","robots":{"index":"index","follow":"follow","max-snippet":"max-snippet:-1","max-image-preview":"max-image-preview:large","max-video-preview":"max-video-preview:-1"},"canonical":"https:\/\/curesz.org\/pt_pt\/survivors\/joy-isabel\/","og_locale":"pt_PT","og_type":"article","og_title":"Joy Isabel - CURESZ Foundation","og_url":"https:\/\/curesz.org\/pt_pt\/survivors\/joy-isabel\/","og_site_name":"CURESZ Foundation","article_publisher":"https:\/\/www.facebook.com\/Cureszorg\/","article_modified_time":"2020-03-26T13:14:10+00:00","twitter_card":"summary_large_image","twitter_site":"@cureszorg","twitter_misc":{"Tempo estimado de leitura":"7 minutos"},"schema":{"@context":"https:\/\/schema.org","@graph":[{"@type":"WebPage","@id":"https:\/\/curesz.org\/survivors\/joy-isabel\/","url":"https:\/\/curesz.org\/survivors\/joy-isabel\/","name":"Joy Isabel - CURESZ Foundation","isPartOf":{"@id":"https:\/\/curesz.org\/#website"},"datePublished":"2020-03-24T22:22:56+00:00","dateModified":"2020-03-26T13:14:10+00:00","breadcrumb":{"@id":"https:\/\/curesz.org\/survivors\/joy-isabel\/#breadcrumb"},"inLanguage":"pt-PT","potentialAction":[{"@type":"ReadAction","target":["https:\/\/curesz.org\/survivors\/joy-isabel\/"]}]},{"@type":"BreadcrumbList","@id":"https:\/\/curesz.org\/survivors\/joy-isabel\/#breadcrumb","itemListElement":[{"@type":"ListItem","position":1,"name":"Home","item":"https:\/\/curesz.org\/"},{"@type":"ListItem","position":2,"name":"Survivors","item":"https:\/\/curesz.org\/survivors\/"},{"@type":"ListItem","position":3,"name":"Joy Isabel"}]},{"@type":"WebSite","@id":"https:\/\/curesz.org\/#website","url":"https:\/\/curesz.org\/","name":"Funda\u00e7\u00e3o CURESZ","description":"A Funda\u00e7\u00e3o CURESZ fornece atualiza\u00e7\u00f5es educacionais para pacientes, familiares, profissionais de sa\u00fade e p\u00fablico em geral sobre esquizofrenia.","publisher":{"@id":"https:\/\/curesz.org\/#organization"},"potentialAction":[{"@type":"SearchAction","target":{"@type":"EntryPoint","urlTemplate":"https:\/\/curesz.org\/?s={search_term_string}"},"query-input":{"@type":"PropertyValueSpecification","valueRequired":true,"valueName":"search_term_string"}}],"inLanguage":"pt-PT"},{"@type":"Organization","@id":"https:\/\/curesz.org\/#organization","name":"Curesz Foundation","url":"https:\/\/curesz.org\/","logo":{"@type":"ImageObject","inLanguage":"pt-PT","@id":"https:\/\/curesz.org\/#\/schema\/logo\/image\/","url":"https:\/\/curesz.org\/wp-content\/uploads\/2020\/02\/cropped-Logo-with-Foundation-Custom.png","contentUrl":"https:\/\/curesz.org\/wp-content\/uploads\/2020\/02\/cropped-Logo-with-Foundation-Custom.png","width":200,"height":133,"caption":"Curesz Foundation"},"image":{"@id":"https:\/\/curesz.org\/#\/schema\/logo\/image\/"},"sameAs":["https:\/\/www.facebook.com\/Cureszorg\/","https:\/\/x.com\/cureszorg","https:\/\/www.instagram.com\/cureszfoundation\/","https:\/\/www.youtube.com\/channel\/UCT3uVzTt8jiJ2qdhuosHPvg"]}]}},"_links":{"self":[{"href":"https:\/\/curesz.org\/pt_pt\/wp-json\/wp\/v2\/pages\/2969","targetHints":{"allow":["GET"]}}],"collection":[{"href":"https:\/\/curesz.org\/pt_pt\/wp-json\/wp\/v2\/pages"}],"about":[{"href":"https:\/\/curesz.org\/pt_pt\/wp-json\/wp\/v2\/types\/page"}],"author":[{"embeddable":true,"href":"https:\/\/curesz.org\/pt_pt\/wp-json\/wp\/v2\/users\/3"}],"replies":[{"embeddable":true,"href":"https:\/\/curesz.org\/pt_pt\/wp-json\/wp\/v2\/comments?post=2969"}],"version-history":[{"count":4,"href":"https:\/\/curesz.org\/pt_pt\/wp-json\/wp\/v2\/pages\/2969\/revisions"}],"predecessor-version":[{"id":2985,"href":"https:\/\/curesz.org\/pt_pt\/wp-json\/wp\/v2\/pages\/2969\/revisions\/2985"}],"up":[{"embeddable":true,"href":"https:\/\/curesz.org\/pt_pt\/wp-json\/wp\/v2\/pages\/35"}],"wp:attachment":[{"href":"https:\/\/curesz.org\/pt_pt\/wp-json\/wp\/v2\/media?parent=2969"}],"curies":[{"name":"wp","href":"https:\/\/api.w.org\/{rel}","templated":true}]}}