{"id":339,"date":"2019-07-10T20:54:11","date_gmt":"2019-07-10T20:54:11","guid":{"rendered":"https:\/\/curesz.info\/?page_id=339"},"modified":"2019-07-10T20:54:11","modified_gmt":"2019-07-10T20:54:11","slug":"amber-pillars","status":"publish","type":"page","link":"https:\/\/curesz.org\/pt_pt\/survivors\/amber-pillars\/","title":{"rendered":"Pilares \u00c2mbar"},"content":{"rendered":"<p><div class=\"fusion-fullwidth fullwidth-box fusion-builder-row-1 fusion-flex-container nonhundred-percent-fullwidth non-hundred-percent-height-scrolling\" style=\"--awb-border-radius-top-left:0px;--awb-border-radius-top-right:0px;--awb-border-radius-bottom-right:0px;--awb-border-radius-bottom-left:0px;--awb-flex-wrap:wrap;\" ><div class=\"fusion-builder-row fusion-row fusion-flex-align-items-flex-start fusion-flex-content-wrap\" style=\"max-width:1352px;margin-left: calc(-4% \/ 2 );margin-right: calc(-4% \/ 2 );\"><div class=\"fusion-layout-column fusion_builder_column fusion-builder-column-0 fusion_builder_column_1_4 1_4 fusion-flex-column\" style=\"--awb-bg-size:cover;--awb-width-large:25%;--awb-margin-top-large:0px;--awb-spacing-right-large:3.84%;--awb-margin-bottom-large:20px;--awb-spacing-left-large:7.68%;--awb-width-medium:100%;--awb-spacing-right-medium:1.92%;--awb-spacing-left-medium:1.92%;--awb-width-small:100%;--awb-spacing-right-small:1.92%;--awb-spacing-left-small:1.92%;\"><div class=\"fusion-column-wrapper fusion-column-has-shadow fusion-flex-justify-content-flex-start fusion-content-layout-column\"><div class=\"fusion-image-element\" style=\"--awb-caption-title-font-family:var(--h2_typography-font-family);--awb-caption-title-font-weight:var(--h2_typography-font-weight);--awb-caption-title-font-style:var(--h2_typography-font-style);--awb-caption-title-size:var(--h2_typography-font-size);--awb-caption-title-transform:var(--h2_typography-text-transform);--awb-caption-title-line-height:var(--h2_typography-line-height);--awb-caption-title-letter-spacing:var(--h2_typography-letter-spacing);\"><span class=\"fusion-imageframe imageframe-none imageframe-1 hover-type-none\"><img decoding=\"async\" width=\"374\" height=\"272\" title=\"imagem-\u00e2mbar-1\" src=\"https:\/\/curesz.org\/wp-content\/uploads\/2019\/07\/amber-picture-1.jpg\" data-orig-src=\"https:\/\/curesz.org\/wp-content\/uploads\/2019\/07\/amber-picture-1.jpg\" alt class=\"lazyload img-responsive wp-image-340\" srcset=\"data:image\/svg+xml,%3Csvg%20xmlns%3D%27http%3A%2F%2Fwww.w3.org%2F2000%2Fsvg%27%20width%3D%27374%27%20height%3D%27272%27%20viewBox%3D%270%200%20374%20272%27%3E%3Crect%20width%3D%27374%27%20height%3D%27272%27%20fill-opacity%3D%220%22%2F%3E%3C%2Fsvg%3E\" data-srcset=\"https:\/\/curesz.org\/wp-content\/uploads\/2019\/07\/amber-picture-1-200x145.jpg 200w, https:\/\/curesz.org\/wp-content\/uploads\/2019\/07\/amber-picture-1.jpg 374w\" data-sizes=\"auto\" data-orig-sizes=\"(max-width: 1024px) 100vw, (max-width: 640px) 100vw, 374px\" \/><\/span><\/div><div class=\"fusion-text fusion-text-1\"><p><strong>Pilares \u00c2mbar<\/strong><\/p>\n<\/div><\/div><\/div><div class=\"fusion-layout-column fusion_builder_column fusion-builder-column-1 fusion_builder_column_3_4 3_4 fusion-flex-column\" style=\"--awb-bg-size:cover;--awb-width-large:75%;--awb-margin-top-large:0px;--awb-spacing-right-large:2.56%;--awb-margin-bottom-large:20px;--awb-spacing-left-large:3.84%;--awb-width-medium:100%;--awb-spacing-right-medium:1.92%;--awb-spacing-left-medium:1.92%;--awb-width-small:100%;--awb-spacing-right-small:1.92%;--awb-spacing-left-small:1.92%;\"><div class=\"fusion-column-wrapper fusion-column-has-shadow fusion-flex-justify-content-flex-start fusion-content-layout-column\"><div class=\"fusion-text fusion-text-2\"><p>Superando a Esquizofrenia: Pilares de \u00c2mbar<\/p>\n<p>Amber Pillars teve uma inf\u00e2ncia maravilhosa, cheia de amigos e familiares. Quando crian\u00e7a, ela nunca imaginou que desenvolveria esquizofrenia.<\/p>\n<p>Em maio de 2004, ap\u00f3s sua formatura na faculdade, Amber mudou-se para uma nova cidade, come\u00e7ou um novo emprego no minist\u00e9rio crist\u00e3o e mudou-se para seu primeiro apartamento. As coisas pareciam perfeitas. Mas Amber come\u00e7ou um decl\u00ednio constante. No in\u00edcio, ela apresentava sintomas de depress\u00e3o. Rapidamente ficaria fora de controle e entraria em psicose.<\/p>\n<p>Amber se lembra da quinta-feira, 9 de dezembro de 2004, como o dia em que se trancou em um arm\u00e1rio, convencida de que seu colega de trabalho estava invadindo seu apartamento. Ela ligou para a m\u00e3e de dentro do arm\u00e1rio. Quando a m\u00e3e de Amber chegou, ela a levou ao m\u00e9dico de sua cidade natal, onde foi diagnosticada com depress\u00e3o. A m\u00e3e questionou o diagn\u00f3stico.<\/p>\n<p>Oito dias depois, os sintomas de Amber pioraram. Ela foi internada na unidade psiqui\u00e1trica de um hospital. No hospital, pela primeira vez, ela come\u00e7ou a ouvir vozes \u00e1speras e verbalmente abusivas em sua mente.<\/p>\n<p>Alguns dias antes do Natal, ela deixou o hospital contra o conselho m\u00e9dico. Durante as f\u00e9rias, Amber acreditou que n\u00e3o precisava do medicamento antipsic\u00f3tico e se recusou a tom\u00e1-lo. Seus sintomas pioraram.<\/p>\n<p>Em 12 de janeiro de 2005, Amber foi readmitida na interna\u00e7\u00e3o. No hospital, ela recusou rem\u00e9dios orais e recebeu inje\u00e7\u00f5es. Os m\u00e9dicos experimentaram v\u00e1rios rem\u00e9dios durante v\u00e1rias semanas, mas nenhum deles afastou suas alucina\u00e7\u00f5es e del\u00edrios.<\/p>\n<p>Logo depois, Amber foi transferida para um hospital de pesquisa maior, onde sua fam\u00edlia esperava que ela recebesse melhores cuidados. No hospital, ela sofreu efeitos colaterais graves de medicamentos parcialmente eficazes. Sua situa\u00e7\u00e3o rapidamente se tornou desesperadora.<\/p>\n<p>Amber tamb\u00e9m se lembra do dia em que estava bem o suficiente para ser transferida para atendimento ambulatorial, 12 de fevereiro de 2005. Ela finalmente encontrou um regime de medica\u00e7\u00e3o que funcionou para ela, com efeitos colaterais m\u00ednimos. Enquanto Amber continuava tomando rem\u00e9dios, indo a um psiquiatra, trabalhando com um conselheiro e aceitando seu diagn\u00f3stico, sua personalidade extrovertida come\u00e7ou a emergir novamente. Ela contou com o apoio de amigos da igreja e uma fam\u00edlia amorosa e receptiva enquanto lutava contra seus sintomas e finalmente venceu.<\/p>\n<p>O outono de 2007 foi um per\u00edodo de recupera\u00e7\u00e3o e reflex\u00e3o para Amber. Sua igreja a encorajou a fazer um v\u00eddeo destacando sua jornada. No ver\u00e3o de 2008, Amber optou por participar de estudos de pesquisa de curto e longo prazo. Por meio do v\u00eddeo e dos estudos de pesquisa, ela procurou ajudar os outros e retribuir.<\/p>\n<p>Amber conseguiu um emprego de meio per\u00edodo e se mudou da casa de seus pais para outro apartamento no outono de 2008. Hoje, em 2018, Amber trabalha em per\u00edodo integral, ajudando alunos com necessidades especiais individualmente. Ela mora em seu pr\u00f3prio condom\u00ednio, gosta de fazer novos amigos e joga v\u00f4lei.<\/p>\n<p>As experi\u00eancias de Amber a ensinam que as pessoas que realmente se importam com ela n\u00e3o a definir\u00e3o pela doen\u00e7a mental. Quando Amber olha para os \u00faltimos quatorze anos, ela fica impressionada com o quanto ela superou. Hoje, ela n\u00e3o apenas sobrevive, ela prospera.<\/p>\n<\/div><\/div><\/div><\/div><\/div><div class=\"fusion-fullwidth fullwidth-box fusion-builder-row-2 fusion-flex-container hundred-percent-fullwidth non-hundred-percent-height-scrolling\" style=\"--awb-border-radius-top-left:0px;--awb-border-radius-top-right:0px;--awb-border-radius-bottom-right:0px;--awb-border-radius-bottom-left:0px;--awb-padding-top:0px;--awb-padding-right:0px;--awb-padding-bottom:0px;--awb-padding-left:0px;--awb-margin-top:0px;--awb-margin-bottom:0px;--awb-background-color:#015da7;--awb-flex-wrap:wrap;\" ><div class=\"fusion-builder-row fusion-row fusion-flex-align-items-flex-start fusion-flex-content-wrap\" style=\"width:104% !important;max-width:104% !important;margin-left: calc(-4% \/ 2 );margin-right: calc(-4% \/ 2 );\"><\/div><\/div>\n<\/p>","protected":false},"excerpt":{"rendered":"","protected":false},"author":2,"featured_media":0,"parent":35,"menu_order":0,"comment_status":"closed","ping_status":"closed","template":"100-width.php","meta":{"_acf_changed":false,"footnotes":""},"class_list":["post-339","page","type-page","status-publish","hentry"],"acf":[],"yoast_head":"<!-- This site is optimized with the Yoast SEO plugin v27.4 - https:\/\/yoast.com\/product\/yoast-seo-wordpress\/ -->\n<title>Amber Pillars - CURESZ Foundation<\/title>\n<meta name=\"robots\" content=\"index, follow, max-snippet:-1, max-image-preview:large, max-video-preview:-1\" \/>\n<link rel=\"canonical\" href=\"https:\/\/curesz.org\/pt_pt\/survivors\/amber-pillars\/\" \/>\n<meta property=\"og:locale\" content=\"pt_PT\" \/>\n<meta property=\"og:type\" content=\"article\" \/>\n<meta property=\"og:title\" content=\"Amber Pillars - CURESZ Foundation\" \/>\n<meta property=\"og:url\" content=\"https:\/\/curesz.org\/pt_pt\/survivors\/amber-pillars\/\" \/>\n<meta property=\"og:site_name\" content=\"CURESZ Foundation\" \/>\n<meta property=\"article:publisher\" content=\"https:\/\/www.facebook.com\/Cureszorg\/\" \/>\n<meta name=\"twitter:card\" content=\"summary_large_image\" \/>\n<meta name=\"twitter:site\" content=\"@cureszorg\" \/>\n<meta name=\"twitter:label1\" content=\"Tempo estimado de leitura\" \/>\n\t<meta name=\"twitter:data1\" content=\"5 minutos\" \/>\n<script type=\"application\/ld+json\" class=\"yoast-schema-graph\">{\"@context\":\"https:\\\/\\\/schema.org\",\"@graph\":[{\"@type\":\"WebPage\",\"@id\":\"https:\\\/\\\/curesz.org\\\/survivors\\\/amber-pillars\\\/\",\"url\":\"https:\\\/\\\/curesz.org\\\/survivors\\\/amber-pillars\\\/\",\"name\":\"Amber Pillars - CURESZ Foundation\",\"isPartOf\":{\"@id\":\"https:\\\/\\\/curesz.org\\\/#website\"},\"datePublished\":\"2019-07-10T20:54:11+00:00\",\"breadcrumb\":{\"@id\":\"https:\\\/\\\/curesz.org\\\/survivors\\\/amber-pillars\\\/#breadcrumb\"},\"inLanguage\":\"pt-PT\",\"potentialAction\":[{\"@type\":\"ReadAction\",\"target\":[\"https:\\\/\\\/curesz.org\\\/survivors\\\/amber-pillars\\\/\"]}]},{\"@type\":\"BreadcrumbList\",\"@id\":\"https:\\\/\\\/curesz.org\\\/survivors\\\/amber-pillars\\\/#breadcrumb\",\"itemListElement\":[{\"@type\":\"ListItem\",\"position\":1,\"name\":\"Home\",\"item\":\"https:\\\/\\\/curesz.org\\\/\"},{\"@type\":\"ListItem\",\"position\":2,\"name\":\"Survivors\",\"item\":\"https:\\\/\\\/curesz.org\\\/survivors\\\/\"},{\"@type\":\"ListItem\",\"position\":3,\"name\":\"Amber Pillars\"}]},{\"@type\":\"WebSite\",\"@id\":\"https:\\\/\\\/curesz.org\\\/#website\",\"url\":\"https:\\\/\\\/curesz.org\\\/\",\"name\":\"CURESZ Foundation\",\"description\":\"The CURESZ Foundation provides educational updates to patients, families, healthcare professionals and the general public about schizophrenia.\",\"publisher\":{\"@id\":\"https:\\\/\\\/curesz.org\\\/#organization\"},\"potentialAction\":[{\"@type\":\"SearchAction\",\"target\":{\"@type\":\"EntryPoint\",\"urlTemplate\":\"https:\\\/\\\/curesz.org\\\/?s={search_term_string}\"},\"query-input\":{\"@type\":\"PropertyValueSpecification\",\"valueRequired\":true,\"valueName\":\"search_term_string\"}}],\"inLanguage\":\"pt-PT\"},{\"@type\":\"Organization\",\"@id\":\"https:\\\/\\\/curesz.org\\\/#organization\",\"name\":\"Curesz Foundation\",\"url\":\"https:\\\/\\\/curesz.org\\\/\",\"logo\":{\"@type\":\"ImageObject\",\"inLanguage\":\"pt-PT\",\"@id\":\"https:\\\/\\\/curesz.org\\\/#\\\/schema\\\/logo\\\/image\\\/\",\"url\":\"https:\\\/\\\/curesz.org\\\/wp-content\\\/uploads\\\/2020\\\/02\\\/cropped-Logo-with-Foundation-Custom.png\",\"contentUrl\":\"https:\\\/\\\/curesz.org\\\/wp-content\\\/uploads\\\/2020\\\/02\\\/cropped-Logo-with-Foundation-Custom.png\",\"width\":200,\"height\":133,\"caption\":\"Curesz Foundation\"},\"image\":{\"@id\":\"https:\\\/\\\/curesz.org\\\/#\\\/schema\\\/logo\\\/image\\\/\"},\"sameAs\":[\"https:\\\/\\\/www.facebook.com\\\/Cureszorg\\\/\",\"https:\\\/\\\/x.com\\\/cureszorg\",\"https:\\\/\\\/www.instagram.com\\\/cureszfoundation\\\/\",\"https:\\\/\\\/www.youtube.com\\\/channel\\\/UCT3uVzTt8jiJ2qdhuosHPvg\"]}]}<\/script>\n<!-- \/ Yoast SEO plugin. -->","yoast_head_json":{"title":"Amber Pillars - CURESZ Foundation","robots":{"index":"index","follow":"follow","max-snippet":"max-snippet:-1","max-image-preview":"max-image-preview:large","max-video-preview":"max-video-preview:-1"},"canonical":"https:\/\/curesz.org\/pt_pt\/survivors\/amber-pillars\/","og_locale":"pt_PT","og_type":"article","og_title":"Amber Pillars - CURESZ Foundation","og_url":"https:\/\/curesz.org\/pt_pt\/survivors\/amber-pillars\/","og_site_name":"CURESZ Foundation","article_publisher":"https:\/\/www.facebook.com\/Cureszorg\/","twitter_card":"summary_large_image","twitter_site":"@cureszorg","twitter_misc":{"Tempo estimado de leitura":"5 minutos"},"schema":{"@context":"https:\/\/schema.org","@graph":[{"@type":"WebPage","@id":"https:\/\/curesz.org\/survivors\/amber-pillars\/","url":"https:\/\/curesz.org\/survivors\/amber-pillars\/","name":"Amber Pillars - CURESZ Foundation","isPartOf":{"@id":"https:\/\/curesz.org\/#website"},"datePublished":"2019-07-10T20:54:11+00:00","breadcrumb":{"@id":"https:\/\/curesz.org\/survivors\/amber-pillars\/#breadcrumb"},"inLanguage":"pt-PT","potentialAction":[{"@type":"ReadAction","target":["https:\/\/curesz.org\/survivors\/amber-pillars\/"]}]},{"@type":"BreadcrumbList","@id":"https:\/\/curesz.org\/survivors\/amber-pillars\/#breadcrumb","itemListElement":[{"@type":"ListItem","position":1,"name":"Home","item":"https:\/\/curesz.org\/"},{"@type":"ListItem","position":2,"name":"Survivors","item":"https:\/\/curesz.org\/survivors\/"},{"@type":"ListItem","position":3,"name":"Amber Pillars"}]},{"@type":"WebSite","@id":"https:\/\/curesz.org\/#website","url":"https:\/\/curesz.org\/","name":"Funda\u00e7\u00e3o CURESZ","description":"A Funda\u00e7\u00e3o CURESZ fornece atualiza\u00e7\u00f5es educacionais para pacientes, familiares, profissionais de sa\u00fade e p\u00fablico em geral sobre esquizofrenia.","publisher":{"@id":"https:\/\/curesz.org\/#organization"},"potentialAction":[{"@type":"SearchAction","target":{"@type":"EntryPoint","urlTemplate":"https:\/\/curesz.org\/?s={search_term_string}"},"query-input":{"@type":"PropertyValueSpecification","valueRequired":true,"valueName":"search_term_string"}}],"inLanguage":"pt-PT"},{"@type":"Organization","@id":"https:\/\/curesz.org\/#organization","name":"Curesz Foundation","url":"https:\/\/curesz.org\/","logo":{"@type":"ImageObject","inLanguage":"pt-PT","@id":"https:\/\/curesz.org\/#\/schema\/logo\/image\/","url":"https:\/\/curesz.org\/wp-content\/uploads\/2020\/02\/cropped-Logo-with-Foundation-Custom.png","contentUrl":"https:\/\/curesz.org\/wp-content\/uploads\/2020\/02\/cropped-Logo-with-Foundation-Custom.png","width":200,"height":133,"caption":"Curesz Foundation"},"image":{"@id":"https:\/\/curesz.org\/#\/schema\/logo\/image\/"},"sameAs":["https:\/\/www.facebook.com\/Cureszorg\/","https:\/\/x.com\/cureszorg","https:\/\/www.instagram.com\/cureszfoundation\/","https:\/\/www.youtube.com\/channel\/UCT3uVzTt8jiJ2qdhuosHPvg"]}]}},"_links":{"self":[{"href":"https:\/\/curesz.org\/pt_pt\/wp-json\/wp\/v2\/pages\/339","targetHints":{"allow":["GET"]}}],"collection":[{"href":"https:\/\/curesz.org\/pt_pt\/wp-json\/wp\/v2\/pages"}],"about":[{"href":"https:\/\/curesz.org\/pt_pt\/wp-json\/wp\/v2\/types\/page"}],"author":[{"embeddable":true,"href":"https:\/\/curesz.org\/pt_pt\/wp-json\/wp\/v2\/users\/2"}],"replies":[{"embeddable":true,"href":"https:\/\/curesz.org\/pt_pt\/wp-json\/wp\/v2\/comments?post=339"}],"version-history":[{"count":1,"href":"https:\/\/curesz.org\/pt_pt\/wp-json\/wp\/v2\/pages\/339\/revisions"}],"predecessor-version":[{"id":341,"href":"https:\/\/curesz.org\/pt_pt\/wp-json\/wp\/v2\/pages\/339\/revisions\/341"}],"up":[{"embeddable":true,"href":"https:\/\/curesz.org\/pt_pt\/wp-json\/wp\/v2\/pages\/35"}],"wp:attachment":[{"href":"https:\/\/curesz.org\/pt_pt\/wp-json\/wp\/v2\/media?parent=339"}],"curies":[{"name":"wp","href":"https:\/\/api.w.org\/{rel}","templated":true}]}}