{"id":342,"date":"2019-07-10T20:56:14","date_gmt":"2019-07-10T20:56:14","guid":{"rendered":"https:\/\/curesz.info\/?page_id=342"},"modified":"2019-07-10T20:56:14","modified_gmt":"2019-07-10T20:56:14","slug":"sharon-marshall","status":"publish","type":"page","link":"https:\/\/curesz.org\/pt_pt\/survivors\/sharon-marshall\/","title":{"rendered":"Sharon Marshall"},"content":{"rendered":"<p><div class=\"fusion-fullwidth fullwidth-box fusion-builder-row-1 fusion-flex-container nonhundred-percent-fullwidth non-hundred-percent-height-scrolling\" style=\"--awb-border-radius-top-left:0px;--awb-border-radius-top-right:0px;--awb-border-radius-bottom-right:0px;--awb-border-radius-bottom-left:0px;--awb-flex-wrap:wrap;\" ><div class=\"fusion-builder-row fusion-row fusion-flex-align-items-flex-start fusion-flex-content-wrap\" style=\"max-width:1352px;margin-left: calc(-4% \/ 2 );margin-right: calc(-4% \/ 2 );\"><div class=\"fusion-layout-column fusion_builder_column fusion-builder-column-0 fusion_builder_column_1_4 1_4 fusion-flex-column\" style=\"--awb-bg-size:cover;--awb-width-large:25%;--awb-margin-top-large:0px;--awb-spacing-right-large:3.84%;--awb-margin-bottom-large:20px;--awb-spacing-left-large:7.68%;--awb-width-medium:100%;--awb-spacing-right-medium:1.92%;--awb-spacing-left-medium:1.92%;--awb-width-small:100%;--awb-spacing-right-small:1.92%;--awb-spacing-left-small:1.92%;\"><div class=\"fusion-column-wrapper fusion-column-has-shadow fusion-flex-justify-content-flex-start fusion-content-layout-column\"><div class=\"fusion-image-element\" style=\"--awb-caption-title-font-family:var(--h2_typography-font-family);--awb-caption-title-font-weight:var(--h2_typography-font-weight);--awb-caption-title-font-style:var(--h2_typography-font-style);--awb-caption-title-size:var(--h2_typography-font-size);--awb-caption-title-transform:var(--h2_typography-text-transform);--awb-caption-title-line-height:var(--h2_typography-line-height);--awb-caption-title-letter-spacing:var(--h2_typography-letter-spacing);\"><span class=\"fusion-imageframe imageframe-none imageframe-1 hover-type-none\"><img decoding=\"async\" width=\"288\" height=\"321\" title=\"Sharon-Marshall-imagem\" src=\"https:\/\/curesz.org\/wp-content\/uploads\/2019\/07\/sharon-marshall-picture.jpg\" data-orig-src=\"https:\/\/curesz.org\/wp-content\/uploads\/2019\/07\/sharon-marshall-picture.jpg\" alt class=\"lazyload img-responsive wp-image-343\" srcset=\"data:image\/svg+xml,%3Csvg%20xmlns%3D%27http%3A%2F%2Fwww.w3.org%2F2000%2Fsvg%27%20width%3D%27288%27%20height%3D%27321%27%20viewBox%3D%270%200%20288%20321%27%3E%3Crect%20width%3D%27288%27%20height%3D%27321%27%20fill-opacity%3D%220%22%2F%3E%3C%2Fsvg%3E\" data-srcset=\"https:\/\/curesz.org\/wp-content\/uploads\/2019\/07\/sharon-marshall-picture-200x223.jpg 200w, https:\/\/curesz.org\/wp-content\/uploads\/2019\/07\/sharon-marshall-picture.jpg 288w\" data-sizes=\"auto\" data-orig-sizes=\"(max-width: 1024px) 100vw, (max-width: 640px) 100vw, 288px\" \/><\/span><\/div><div class=\"fusion-text fusion-text-1\"><p><strong>Sharon Marshall<\/strong><\/p>\n<\/div><\/div><\/div><div class=\"fusion-layout-column fusion_builder_column fusion-builder-column-1 fusion_builder_column_3_4 3_4 fusion-flex-column\" style=\"--awb-bg-size:cover;--awb-width-large:75%;--awb-margin-top-large:0px;--awb-spacing-right-large:2.56%;--awb-margin-bottom-large:20px;--awb-spacing-left-large:3.84%;--awb-width-medium:100%;--awb-spacing-right-medium:1.92%;--awb-spacing-left-medium:1.92%;--awb-width-small:100%;--awb-spacing-right-small:1.92%;--awb-spacing-left-small:1.92%;\"><div class=\"fusion-column-wrapper fusion-column-has-shadow fusion-flex-justify-content-flex-start fusion-content-layout-column\"><div class=\"fusion-text fusion-text-2\"><p>Vencendo a Esquizofrenia: Sharon Marshall<\/p>\n<p>\u201cSentir como se meu c\u00e9rebro estivesse rodando em quatro faixas de pensamento ao mesmo tempo\u201d, \u00e9 como Sharon descreve seu primeiro colapso psicol\u00f3gico. Isso ocorreu em 2001, enquanto ela cursava a p\u00f3s-gradua\u00e7\u00e3o. Na \u00e9poca ela tinha 28 anos. N\u00e3o foi at\u00e9 2006 que ela foi diagnosticada com esquizofrenia.<\/p>\n<p>Sharon se recuperou da esquizofrenia em 2012, quando come\u00e7ou a participar de tr\u00eas pesquisas no NIH. Hoje, ela est\u00e1 em remiss\u00e3o com o medicamento Abilify. Ela n\u00e3o \u00e9 internada desde 2011.<\/p>\n<p>Sharon \u00e9 bacharel em Rela\u00e7\u00f5es Internacionais (1999) e mestre em Planejamento Urbano (2002). Atualmente, ela trabalha na Rede de Consumidores de Sa\u00fade Mental da Ge\u00f3rgia. Ela encontra realiza\u00e7\u00e3o em seu trabalho, pois proporciona uma grande sensa\u00e7\u00e3o de ajudar outras pessoas que enfrentam problemas de sa\u00fade mental e abuso de subst\u00e2ncias.<\/p>\n<p>Permanecer politicamente ativo \u00e9 uma \u00e1rea de grande interesse para Sharon. Envolver-se com a comunidade sobre sa\u00fade mental e outras quest\u00f5es importantes \u00e9 importante para ela. Ela gosta particularmente de apoiar as artes e as causas ambientais. Sharon adora m\u00fasica e viagens. Ela nunca tem medo de abra\u00e7ar novos desafios e embarcar em novas aventuras.<\/p>\n<p>Embora Sharon tenha desfrutado de cinco anos de remiss\u00e3o, infelizmente ela lida com o estigma da esquizofrenia todos os dias. Ela acha desumano quando os outros duvidam de sua credibilidade quando ela compartilha sobre seu diagn\u00f3stico de esquizofrenia. \u00c9 sua esperan\u00e7a que sua vida se desenvolva muito al\u00e9m das restri\u00e7\u00f5es sociais do estigma, \u00e0 medida que ela experimenta uma sa\u00fade cada vez melhor.<\/p>\n<\/div><\/div><\/div><\/div><\/div><div class=\"fusion-fullwidth fullwidth-box fusion-builder-row-2 fusion-flex-container hundred-percent-fullwidth non-hundred-percent-height-scrolling\" style=\"--awb-border-radius-top-left:0px;--awb-border-radius-top-right:0px;--awb-border-radius-bottom-right:0px;--awb-border-radius-bottom-left:0px;--awb-padding-top:0px;--awb-padding-right:0px;--awb-padding-bottom:0px;--awb-padding-left:0px;--awb-margin-top:0px;--awb-margin-bottom:0px;--awb-background-color:#015da7;--awb-flex-wrap:wrap;\" ><div class=\"fusion-builder-row fusion-row fusion-flex-align-items-flex-start fusion-flex-content-wrap\" style=\"width:104% !important;max-width:104% !important;margin-left: calc(-4% \/ 2 );margin-right: calc(-4% \/ 2 );\"><\/div><\/div>\n<\/p>","protected":false},"excerpt":{"rendered":"","protected":false},"author":2,"featured_media":0,"parent":35,"menu_order":0,"comment_status":"closed","ping_status":"closed","template":"100-width.php","meta":{"_acf_changed":false,"footnotes":""},"class_list":["post-342","page","type-page","status-publish","hentry"],"acf":[],"yoast_head":"<!-- This site is optimized with the Yoast SEO plugin v27.4 - https:\/\/yoast.com\/product\/yoast-seo-wordpress\/ -->\n<title>Sharon Marshall - CURESZ Foundation<\/title>\n<meta name=\"robots\" content=\"index, follow, max-snippet:-1, max-image-preview:large, max-video-preview:-1\" \/>\n<link rel=\"canonical\" href=\"https:\/\/curesz.org\/pt_pt\/survivors\/sharon-marshall\/\" \/>\n<meta property=\"og:locale\" content=\"pt_PT\" \/>\n<meta property=\"og:type\" content=\"article\" \/>\n<meta property=\"og:title\" content=\"Sharon Marshall - CURESZ Foundation\" \/>\n<meta property=\"og:url\" content=\"https:\/\/curesz.org\/pt_pt\/survivors\/sharon-marshall\/\" \/>\n<meta property=\"og:site_name\" content=\"CURESZ Foundation\" \/>\n<meta property=\"article:publisher\" content=\"https:\/\/www.facebook.com\/Cureszorg\/\" \/>\n<meta name=\"twitter:card\" content=\"summary_large_image\" \/>\n<meta name=\"twitter:site\" content=\"@cureszorg\" \/>\n<meta name=\"twitter:label1\" content=\"Tempo estimado de leitura\" \/>\n\t<meta name=\"twitter:data1\" content=\"3 minutos\" \/>\n<script type=\"application\/ld+json\" class=\"yoast-schema-graph\">{\"@context\":\"https:\\\/\\\/schema.org\",\"@graph\":[{\"@type\":\"WebPage\",\"@id\":\"https:\\\/\\\/curesz.org\\\/survivors\\\/sharon-marshall\\\/\",\"url\":\"https:\\\/\\\/curesz.org\\\/survivors\\\/sharon-marshall\\\/\",\"name\":\"Sharon Marshall - CURESZ Foundation\",\"isPartOf\":{\"@id\":\"https:\\\/\\\/curesz.org\\\/#website\"},\"datePublished\":\"2019-07-10T20:56:14+00:00\",\"breadcrumb\":{\"@id\":\"https:\\\/\\\/curesz.org\\\/survivors\\\/sharon-marshall\\\/#breadcrumb\"},\"inLanguage\":\"pt-PT\",\"potentialAction\":[{\"@type\":\"ReadAction\",\"target\":[\"https:\\\/\\\/curesz.org\\\/survivors\\\/sharon-marshall\\\/\"]}]},{\"@type\":\"BreadcrumbList\",\"@id\":\"https:\\\/\\\/curesz.org\\\/survivors\\\/sharon-marshall\\\/#breadcrumb\",\"itemListElement\":[{\"@type\":\"ListItem\",\"position\":1,\"name\":\"Home\",\"item\":\"https:\\\/\\\/curesz.org\\\/\"},{\"@type\":\"ListItem\",\"position\":2,\"name\":\"Survivors\",\"item\":\"https:\\\/\\\/curesz.org\\\/survivors\\\/\"},{\"@type\":\"ListItem\",\"position\":3,\"name\":\"Sharon Marshall\"}]},{\"@type\":\"WebSite\",\"@id\":\"https:\\\/\\\/curesz.org\\\/#website\",\"url\":\"https:\\\/\\\/curesz.org\\\/\",\"name\":\"CURESZ Foundation\",\"description\":\"The CURESZ Foundation provides educational updates to patients, families, healthcare professionals and the general public about schizophrenia.\",\"publisher\":{\"@id\":\"https:\\\/\\\/curesz.org\\\/#organization\"},\"potentialAction\":[{\"@type\":\"SearchAction\",\"target\":{\"@type\":\"EntryPoint\",\"urlTemplate\":\"https:\\\/\\\/curesz.org\\\/?s={search_term_string}\"},\"query-input\":{\"@type\":\"PropertyValueSpecification\",\"valueRequired\":true,\"valueName\":\"search_term_string\"}}],\"inLanguage\":\"pt-PT\"},{\"@type\":\"Organization\",\"@id\":\"https:\\\/\\\/curesz.org\\\/#organization\",\"name\":\"Curesz Foundation\",\"url\":\"https:\\\/\\\/curesz.org\\\/\",\"logo\":{\"@type\":\"ImageObject\",\"inLanguage\":\"pt-PT\",\"@id\":\"https:\\\/\\\/curesz.org\\\/#\\\/schema\\\/logo\\\/image\\\/\",\"url\":\"https:\\\/\\\/curesz.org\\\/wp-content\\\/uploads\\\/2020\\\/02\\\/cropped-Logo-with-Foundation-Custom.png\",\"contentUrl\":\"https:\\\/\\\/curesz.org\\\/wp-content\\\/uploads\\\/2020\\\/02\\\/cropped-Logo-with-Foundation-Custom.png\",\"width\":200,\"height\":133,\"caption\":\"Curesz Foundation\"},\"image\":{\"@id\":\"https:\\\/\\\/curesz.org\\\/#\\\/schema\\\/logo\\\/image\\\/\"},\"sameAs\":[\"https:\\\/\\\/www.facebook.com\\\/Cureszorg\\\/\",\"https:\\\/\\\/x.com\\\/cureszorg\",\"https:\\\/\\\/www.instagram.com\\\/cureszfoundation\\\/\",\"https:\\\/\\\/www.youtube.com\\\/channel\\\/UCT3uVzTt8jiJ2qdhuosHPvg\"]}]}<\/script>\n<!-- \/ Yoast SEO plugin. -->","yoast_head_json":{"title":"Sharon Marshall - CURESZ Foundation","robots":{"index":"index","follow":"follow","max-snippet":"max-snippet:-1","max-image-preview":"max-image-preview:large","max-video-preview":"max-video-preview:-1"},"canonical":"https:\/\/curesz.org\/pt_pt\/survivors\/sharon-marshall\/","og_locale":"pt_PT","og_type":"article","og_title":"Sharon Marshall - CURESZ Foundation","og_url":"https:\/\/curesz.org\/pt_pt\/survivors\/sharon-marshall\/","og_site_name":"CURESZ Foundation","article_publisher":"https:\/\/www.facebook.com\/Cureszorg\/","twitter_card":"summary_large_image","twitter_site":"@cureszorg","twitter_misc":{"Tempo estimado de leitura":"3 minutos"},"schema":{"@context":"https:\/\/schema.org","@graph":[{"@type":"WebPage","@id":"https:\/\/curesz.org\/survivors\/sharon-marshall\/","url":"https:\/\/curesz.org\/survivors\/sharon-marshall\/","name":"Sharon Marshall - CURESZ Foundation","isPartOf":{"@id":"https:\/\/curesz.org\/#website"},"datePublished":"2019-07-10T20:56:14+00:00","breadcrumb":{"@id":"https:\/\/curesz.org\/survivors\/sharon-marshall\/#breadcrumb"},"inLanguage":"pt-PT","potentialAction":[{"@type":"ReadAction","target":["https:\/\/curesz.org\/survivors\/sharon-marshall\/"]}]},{"@type":"BreadcrumbList","@id":"https:\/\/curesz.org\/survivors\/sharon-marshall\/#breadcrumb","itemListElement":[{"@type":"ListItem","position":1,"name":"Home","item":"https:\/\/curesz.org\/"},{"@type":"ListItem","position":2,"name":"Survivors","item":"https:\/\/curesz.org\/survivors\/"},{"@type":"ListItem","position":3,"name":"Sharon Marshall"}]},{"@type":"WebSite","@id":"https:\/\/curesz.org\/#website","url":"https:\/\/curesz.org\/","name":"Funda\u00e7\u00e3o CURESZ","description":"A Funda\u00e7\u00e3o CURESZ fornece atualiza\u00e7\u00f5es educacionais para pacientes, familiares, profissionais de sa\u00fade e p\u00fablico em geral sobre esquizofrenia.","publisher":{"@id":"https:\/\/curesz.org\/#organization"},"potentialAction":[{"@type":"SearchAction","target":{"@type":"EntryPoint","urlTemplate":"https:\/\/curesz.org\/?s={search_term_string}"},"query-input":{"@type":"PropertyValueSpecification","valueRequired":true,"valueName":"search_term_string"}}],"inLanguage":"pt-PT"},{"@type":"Organization","@id":"https:\/\/curesz.org\/#organization","name":"Curesz Foundation","url":"https:\/\/curesz.org\/","logo":{"@type":"ImageObject","inLanguage":"pt-PT","@id":"https:\/\/curesz.org\/#\/schema\/logo\/image\/","url":"https:\/\/curesz.org\/wp-content\/uploads\/2020\/02\/cropped-Logo-with-Foundation-Custom.png","contentUrl":"https:\/\/curesz.org\/wp-content\/uploads\/2020\/02\/cropped-Logo-with-Foundation-Custom.png","width":200,"height":133,"caption":"Curesz Foundation"},"image":{"@id":"https:\/\/curesz.org\/#\/schema\/logo\/image\/"},"sameAs":["https:\/\/www.facebook.com\/Cureszorg\/","https:\/\/x.com\/cureszorg","https:\/\/www.instagram.com\/cureszfoundation\/","https:\/\/www.youtube.com\/channel\/UCT3uVzTt8jiJ2qdhuosHPvg"]}]}},"_links":{"self":[{"href":"https:\/\/curesz.org\/pt_pt\/wp-json\/wp\/v2\/pages\/342","targetHints":{"allow":["GET"]}}],"collection":[{"href":"https:\/\/curesz.org\/pt_pt\/wp-json\/wp\/v2\/pages"}],"about":[{"href":"https:\/\/curesz.org\/pt_pt\/wp-json\/wp\/v2\/types\/page"}],"author":[{"embeddable":true,"href":"https:\/\/curesz.org\/pt_pt\/wp-json\/wp\/v2\/users\/2"}],"replies":[{"embeddable":true,"href":"https:\/\/curesz.org\/pt_pt\/wp-json\/wp\/v2\/comments?post=342"}],"version-history":[{"count":1,"href":"https:\/\/curesz.org\/pt_pt\/wp-json\/wp\/v2\/pages\/342\/revisions"}],"predecessor-version":[{"id":344,"href":"https:\/\/curesz.org\/pt_pt\/wp-json\/wp\/v2\/pages\/342\/revisions\/344"}],"up":[{"embeddable":true,"href":"https:\/\/curesz.org\/pt_pt\/wp-json\/wp\/v2\/pages\/35"}],"wp:attachment":[{"href":"https:\/\/curesz.org\/pt_pt\/wp-json\/wp\/v2\/media?parent=342"}],"curies":[{"name":"wp","href":"https:\/\/api.w.org\/{rel}","templated":true}]}}