{"id":4063,"date":"2021-07-20T00:43:59","date_gmt":"2021-07-20T00:43:59","guid":{"rendered":"https:\/\/curesz.org\/?page_id=4063"},"modified":"2023-11-15T14:30:39","modified_gmt":"2023-11-15T19:30:39","slug":"tardive-dyskinesia-impact-on-patients-lives","status":"publish","type":"page","link":"https:\/\/curesz.org\/pt_pt\/tardive-dyskinesia-impact-on-patients-lives\/","title":{"rendered":"Discinesia Tardia: Impacto na Vida dos Pacientes"},"content":{"rendered":"<p><div class=\"fusion-fullwidth fullwidth-box fusion-builder-row-1 fusion-flex-container nonhundred-percent-fullwidth non-hundred-percent-height-scrolling\" style=\"--awb-border-radius-top-left:0px;--awb-border-radius-top-right:0px;--awb-border-radius-bottom-right:0px;--awb-border-radius-bottom-left:0px;--awb-flex-wrap:wrap;\" ><div class=\"fusion-builder-row fusion-row fusion-flex-align-items-flex-start fusion-flex-content-wrap\" style=\"max-width:1352px;margin-left: calc(-4% \/ 2 );margin-right: calc(-4% \/ 2 );\"><div class=\"fusion-layout-column fusion_builder_column fusion-builder-column-0 fusion_builder_column_1_4 1_4 fusion-flex-column\" style=\"--awb-bg-size:cover;--awb-width-large:25%;--awb-margin-top-large:0px;--awb-spacing-right-large:7.68%;--awb-margin-bottom-large:20px;--awb-spacing-left-large:7.68%;--awb-width-medium:100%;--awb-spacing-right-medium:1.92%;--awb-spacing-left-medium:1.92%;--awb-width-small:100%;--awb-spacing-right-small:1.92%;--awb-spacing-left-small:1.92%;\"><div class=\"fusion-column-wrapper fusion-column-has-shadow fusion-flex-justify-content-flex-start fusion-content-layout-column\"><div class=\"fusion-image-element\" style=\"--awb-caption-title-font-family:var(--h2_typography-font-family);--awb-caption-title-font-weight:var(--h2_typography-font-weight);--awb-caption-title-font-style:var(--h2_typography-font-style);--awb-caption-title-size:var(--h2_typography-font-size);--awb-caption-title-transform:var(--h2_typography-text-transform);--awb-caption-title-line-height:var(--h2_typography-line-height);--awb-caption-title-letter-spacing:var(--h2_typography-letter-spacing);\"><span class=\"fusion-imageframe imageframe-none imageframe-1 hover-type-none\"><img decoding=\"async\" width=\"283\" height=\"300\" src=\"https:\/\/curesz.org\/wp-content\/uploads\/2021\/07\/Dr-Chepke-71921.jpg\" data-orig-src=\"https:\/\/curesz.org\/wp-content\/uploads\/2021\/07\/Dr-Chepke-71921-283x300.jpg\" alt class=\"lazyload img-responsive wp-image-4045\" srcset=\"data:image\/svg+xml,%3Csvg%20xmlns%3D%27http%3A%2F%2Fwww.w3.org%2F2000%2Fsvg%27%20width%3D%27557%27%20height%3D%27591%27%20viewBox%3D%270%200%20557%20591%27%3E%3Crect%20width%3D%27557%27%20height%3D%27591%27%20fill-opacity%3D%220%22%2F%3E%3C%2Fsvg%3E\" data-srcset=\"https:\/\/curesz.org\/wp-content\/uploads\/2021\/07\/Dr-Chepke-71921-200x212.jpg 200w, https:\/\/curesz.org\/wp-content\/uploads\/2021\/07\/Dr-Chepke-71921-400x424.jpg 400w, https:\/\/curesz.org\/wp-content\/uploads\/2021\/07\/Dr-Chepke-71921.jpg 557w\" data-sizes=\"auto\" data-orig-sizes=\"(max-width: 1024px) 100vw, (max-width: 640px) 100vw, 400px\" \/><\/span><\/div><div class=\"fusion-text fusion-text-1\"><p><a href=\"https:\/\/curesz.org\/pt_pt\/about\/board\/craig-chepke\/\">Dr. Craig Chepke<\/a>, Membro, Conselho de Administra\u00e7\u00e3o, Funda\u00e7\u00e3o CURESZ, Psiquiatra de Pr\u00e1tica Privada e Professor Assistente Adjunto de<br \/>\nPsiquiatria, Faculdade de Medicina da Universidade da Carolina do Norte<\/p>\n<\/div><\/div><\/div><div class=\"fusion-layout-column fusion_builder_column fusion-builder-column-1 fusion_builder_column_3_4 3_4 fusion-flex-column\" style=\"--awb-bg-size:cover;--awb-width-large:75%;--awb-margin-top-large:0px;--awb-spacing-right-large:2.56%;--awb-margin-bottom-large:20px;--awb-spacing-left-large:2.56%;--awb-width-medium:100%;--awb-spacing-right-medium:1.92%;--awb-spacing-left-medium:1.92%;--awb-width-small:100%;--awb-spacing-right-small:1.92%;--awb-spacing-left-small:1.92%;\"><div class=\"fusion-column-wrapper fusion-column-has-shadow fusion-flex-justify-content-flex-start fusion-content-layout-column\"><div class=\"fusion-text fusion-text-2\"><p><strong>Discinesia Tardia: Impacto na Vida dos Pacientes<\/strong><\/p>\n<p>Eu estava ensinando um assistente de m\u00e9dico psiqui\u00e1trico sobre discinesia tardia (TD) recentemente, e ele me disse que seu supervisor cl\u00ednico, um psiquiatra experiente perto da aposentadoria, expressou o sentimento: \u201cN\u00e3o sei por que todo mundo fica t\u00e3o preocupado com a TD - \u00e9 nem de longe t\u00e3o ruim quanto eu costumava ver no hospital estadual. Voc\u00eas, jovens, t\u00eam uma rea\u00e7\u00e3o emocional demais \u00e0s coisas.\u201d A Am\u00e9rica recentemente lutou com um acerto de contas h\u00e1 muito esperado com a injusti\u00e7a social, e espero que o campo m\u00e9dico tamb\u00e9m possa mudar a forma como responde ao sofrimento que as pessoas com DT suportam.<\/p>\n<p>Existem profundas consequ\u00eancias sociais e ocupacionais que as pessoas com DT enfrentam. Uma de minhas pacientes \u00e9 uma mulher inteligente e trabalhadora de 49 anos que trabalha em um escrit\u00f3rio. H\u00e1 muito ela sentia que estava atingindo \u201co teto de vidro\u201d tentando subir na escada corporativa como mulher em uma profiss\u00e3o dominada por homens. Quando ela desenvolveu TD, ela ficou com medo de que fosse mais uma barreira para que seus superiores e colegas de trabalho a levassem a s\u00e9rio. Ela estava t\u00e3o constrangida que poderia estar tendo movimentos faciais involunt\u00e1rios sem perceber, que configurou seu smartphone em sua mesa para gravar seu rosto o dia todo. Ela passava o v\u00eddeo na hora do almo\u00e7o ou depois do trabalho e, a qualquer sinal de movimento, come\u00e7ava a chorar e se desesperar por nunca atingir seus objetivos de carreira.<\/p>\n<p>She remarked that she felt lucky that she had a good job when she developed TD because she didn\u2019t think anyone would hire her for even an entry-level position with TD. I have had other patients with TD feel discriminated against when applying for both blue- and white-collar jobs, and a recent clinical trial studied this situation<sup>1<\/sup>. Actors were filmed participating in a scripted interview that had two versions: one in which the actor imitated facial movements consistent with mild to moderate TD and another in which he did not. The 800 people were evenly randomized to watch either the imitated TD version or the non-TD version, and all participants were asked questions about their impressions of the interviewee in regards to employment, friendship, or dating.<\/p>\n<p>Os resultados do estudo foram desanimadores, se n\u00e3o surpreendentes. Enquanto cerca de 65% das pessoas que viram a vers\u00e3o n\u00e3o TD sentiram que o entrevistado seria adequado para um trabalho voltado para o cliente, apenas 25% das pessoas que assistiram ao mesmo ator dizer as mesmas palavras da mesma maneira - mas com aparente leve a moderado involunt\u00e1rio facial movimentos - pensei que ele seria apropriado para o mesmo trabalho. O estudo tamb\u00e9m mostrou que os participantes perceberam os atores que imitam TD como parceiros de namoro significativamente menos interessantes, menos amig\u00e1veis e menos favor\u00e1veis.<\/p>\n<p>The 65 years that preceded the approval of VMAT2 inhibitors were filled with futility in treating TD, until minimizing or ignoring it became a habit. As with any suffering we turn a blind eye to, there are consequences we don\u2019t perceive until a light is shined on them. Healthcare providers cannot give our patients with TD a job. Still, with safe and effective treatments now available, there is at least one form of social injustice we can remedy far more easily than most of those our society currently faces.<\/p>\n<ol>\n<li>Ayyagari, et al. \u201c115 Um estudo experimental para avaliar as consequ\u00eancias profissionais e sociais da discinesia tardia leve a moderada.\u201d CNS Spectrums 25.2 (2020): 275-275.<\/li>\n<\/ol>\n<h2><\/h2>\n<\/div><\/div><\/div><\/div><\/div><div class=\"fusion-fullwidth fullwidth-box fusion-builder-row-2 fusion-flex-container hundred-percent-fullwidth non-hundred-percent-height-scrolling\" style=\"--awb-border-radius-top-left:0px;--awb-border-radius-top-right:0px;--awb-border-radius-bottom-right:0px;--awb-border-radius-bottom-left:0px;--awb-padding-top:0px;--awb-padding-right:0px;--awb-padding-bottom:0px;--awb-padding-left:0px;--awb-margin-top:0px;--awb-margin-bottom:0px;--awb-background-color:#015da7;--awb-flex-wrap:wrap;\" ><div class=\"fusion-builder-row fusion-row fusion-flex-align-items-flex-start fusion-flex-content-wrap\" style=\"width:104% !important;max-width:104% !important;margin-left: calc(-4% \/ 2 );margin-right: calc(-4% \/ 2 );\"><\/div><\/div>\n<\/p>","protected":false},"excerpt":{"rendered":"","protected":false},"author":3,"featured_media":0,"parent":0,"menu_order":0,"comment_status":"closed","ping_status":"closed","template":"100-width.php","meta":{"_acf_changed":false,"footnotes":""},"class_list":["post-4063","page","type-page","status-publish","hentry"],"acf":[],"yoast_head":"<!-- This site is optimized with the Yoast SEO plugin v27.5 - https:\/\/yoast.com\/product\/yoast-seo-wordpress\/ -->\n<title>Tardive Dyskinesia: Impact on Patients&#039; Lives - CURESZ Foundation<\/title>\n<meta name=\"description\" content=\"I have had patients with tardive dyskinesia feel discriminated against when applying for both blue and white-collar jobs.\" \/>\n<meta name=\"robots\" content=\"index, follow, max-snippet:-1, max-image-preview:large, max-video-preview:-1\" \/>\n<link rel=\"canonical\" href=\"https:\/\/curesz.org\/pt_pt\/tardive-dyskinesia-impact-on-patients-lives\/\" \/>\n<meta property=\"og:locale\" content=\"pt_PT\" \/>\n<meta property=\"og:type\" content=\"article\" \/>\n<meta property=\"og:title\" content=\"Tardive Dyskinesia: Impact on Patients&#039; Lives - CURESZ Foundation\" \/>\n<meta property=\"og:description\" content=\"I have had patients with tardive dyskinesia feel discriminated against when applying for both blue and white-collar jobs.\" \/>\n<meta property=\"og:url\" content=\"https:\/\/curesz.org\/pt_pt\/tardive-dyskinesia-impact-on-patients-lives\/\" \/>\n<meta property=\"og:site_name\" content=\"CURESZ Foundation\" \/>\n<meta property=\"article:publisher\" content=\"https:\/\/www.facebook.com\/Cureszorg\/\" \/>\n<meta property=\"article:modified_time\" content=\"2023-11-15T19:30:39+00:00\" \/>\n<meta name=\"twitter:card\" content=\"summary_large_image\" \/>\n<meta name=\"twitter:site\" content=\"@cureszorg\" \/>\n<meta name=\"twitter:label1\" content=\"Tempo estimado de leitura\" \/>\n\t<meta name=\"twitter:data1\" content=\"4 minutos\" \/>\n<script type=\"application\/ld+json\" class=\"yoast-schema-graph\">{\"@context\":\"https:\\\/\\\/schema.org\",\"@graph\":[{\"@type\":\"WebPage\",\"@id\":\"https:\\\/\\\/curesz.org\\\/tardive-dyskinesia-impact-on-patients-lives\\\/\",\"url\":\"https:\\\/\\\/curesz.org\\\/tardive-dyskinesia-impact-on-patients-lives\\\/\",\"name\":\"Tardive Dyskinesia: Impact on Patients' Lives - CURESZ Foundation\",\"isPartOf\":{\"@id\":\"https:\\\/\\\/curesz.org\\\/#website\"},\"datePublished\":\"2021-07-20T00:43:59+00:00\",\"dateModified\":\"2023-11-15T19:30:39+00:00\",\"description\":\"I have had patients with tardive dyskinesia feel discriminated against when applying for both blue and white-collar jobs.\",\"breadcrumb\":{\"@id\":\"https:\\\/\\\/curesz.org\\\/tardive-dyskinesia-impact-on-patients-lives\\\/#breadcrumb\"},\"inLanguage\":\"pt-PT\",\"potentialAction\":[{\"@type\":\"ReadAction\",\"target\":[\"https:\\\/\\\/curesz.org\\\/tardive-dyskinesia-impact-on-patients-lives\\\/\"]}]},{\"@type\":\"BreadcrumbList\",\"@id\":\"https:\\\/\\\/curesz.org\\\/tardive-dyskinesia-impact-on-patients-lives\\\/#breadcrumb\",\"itemListElement\":[{\"@type\":\"ListItem\",\"position\":1,\"name\":\"Home\",\"item\":\"https:\\\/\\\/curesz.org\\\/\"},{\"@type\":\"ListItem\",\"position\":2,\"name\":\"Tardive Dyskinesia: Impact on Patients&#8217; Lives\"}]},{\"@type\":\"WebSite\",\"@id\":\"https:\\\/\\\/curesz.org\\\/#website\",\"url\":\"https:\\\/\\\/curesz.org\\\/\",\"name\":\"CURESZ Foundation\",\"description\":\"The CURESZ Foundation provides educational updates to patients, families, healthcare professionals and the general public about schizophrenia.\",\"publisher\":{\"@id\":\"https:\\\/\\\/curesz.org\\\/#organization\"},\"potentialAction\":[{\"@type\":\"SearchAction\",\"target\":{\"@type\":\"EntryPoint\",\"urlTemplate\":\"https:\\\/\\\/curesz.org\\\/?s={search_term_string}\"},\"query-input\":{\"@type\":\"PropertyValueSpecification\",\"valueRequired\":true,\"valueName\":\"search_term_string\"}}],\"inLanguage\":\"pt-PT\"},{\"@type\":\"Organization\",\"@id\":\"https:\\\/\\\/curesz.org\\\/#organization\",\"name\":\"Curesz Foundation\",\"url\":\"https:\\\/\\\/curesz.org\\\/\",\"logo\":{\"@type\":\"ImageObject\",\"inLanguage\":\"pt-PT\",\"@id\":\"https:\\\/\\\/curesz.org\\\/#\\\/schema\\\/logo\\\/image\\\/\",\"url\":\"https:\\\/\\\/curesz.org\\\/wp-content\\\/uploads\\\/2020\\\/02\\\/cropped-Logo-with-Foundation-Custom.png\",\"contentUrl\":\"https:\\\/\\\/curesz.org\\\/wp-content\\\/uploads\\\/2020\\\/02\\\/cropped-Logo-with-Foundation-Custom.png\",\"width\":200,\"height\":133,\"caption\":\"Curesz Foundation\"},\"image\":{\"@id\":\"https:\\\/\\\/curesz.org\\\/#\\\/schema\\\/logo\\\/image\\\/\"},\"sameAs\":[\"https:\\\/\\\/www.facebook.com\\\/Cureszorg\\\/\",\"https:\\\/\\\/x.com\\\/cureszorg\",\"https:\\\/\\\/www.instagram.com\\\/cureszfoundation\\\/\",\"https:\\\/\\\/www.youtube.com\\\/channel\\\/UCT3uVzTt8jiJ2qdhuosHPvg\"]}]}<\/script>\n<!-- \/ Yoast SEO plugin. -->","yoast_head_json":{"title":"Tardive Dyskinesia: Impact on Patients' Lives - CURESZ Foundation","description":"I have had patients with tardive dyskinesia feel discriminated against when applying for both blue and white-collar jobs.","robots":{"index":"index","follow":"follow","max-snippet":"max-snippet:-1","max-image-preview":"max-image-preview:large","max-video-preview":"max-video-preview:-1"},"canonical":"https:\/\/curesz.org\/pt_pt\/tardive-dyskinesia-impact-on-patients-lives\/","og_locale":"pt_PT","og_type":"article","og_title":"Tardive Dyskinesia: Impact on Patients' Lives - CURESZ Foundation","og_description":"I have had patients with tardive dyskinesia feel discriminated against when applying for both blue and white-collar jobs.","og_url":"https:\/\/curesz.org\/pt_pt\/tardive-dyskinesia-impact-on-patients-lives\/","og_site_name":"CURESZ Foundation","article_publisher":"https:\/\/www.facebook.com\/Cureszorg\/","article_modified_time":"2023-11-15T19:30:39+00:00","twitter_card":"summary_large_image","twitter_site":"@cureszorg","twitter_misc":{"Tempo estimado de leitura":"4 minutos"},"schema":{"@context":"https:\/\/schema.org","@graph":[{"@type":"WebPage","@id":"https:\/\/curesz.org\/tardive-dyskinesia-impact-on-patients-lives\/","url":"https:\/\/curesz.org\/tardive-dyskinesia-impact-on-patients-lives\/","name":"Tardive Dyskinesia: Impact on Patients' Lives - CURESZ Foundation","isPartOf":{"@id":"https:\/\/curesz.org\/#website"},"datePublished":"2021-07-20T00:43:59+00:00","dateModified":"2023-11-15T19:30:39+00:00","description":"I have had patients with tardive dyskinesia feel discriminated against when applying for both blue and white-collar jobs.","breadcrumb":{"@id":"https:\/\/curesz.org\/tardive-dyskinesia-impact-on-patients-lives\/#breadcrumb"},"inLanguage":"pt-PT","potentialAction":[{"@type":"ReadAction","target":["https:\/\/curesz.org\/tardive-dyskinesia-impact-on-patients-lives\/"]}]},{"@type":"BreadcrumbList","@id":"https:\/\/curesz.org\/tardive-dyskinesia-impact-on-patients-lives\/#breadcrumb","itemListElement":[{"@type":"ListItem","position":1,"name":"Home","item":"https:\/\/curesz.org\/"},{"@type":"ListItem","position":2,"name":"Tardive Dyskinesia: Impact on Patients&#8217; Lives"}]},{"@type":"WebSite","@id":"https:\/\/curesz.org\/#website","url":"https:\/\/curesz.org\/","name":"Funda\u00e7\u00e3o CURESZ","description":"A Funda\u00e7\u00e3o CURESZ fornece atualiza\u00e7\u00f5es educacionais para pacientes, familiares, profissionais de sa\u00fade e p\u00fablico em geral sobre esquizofrenia.","publisher":{"@id":"https:\/\/curesz.org\/#organization"},"potentialAction":[{"@type":"SearchAction","target":{"@type":"EntryPoint","urlTemplate":"https:\/\/curesz.org\/?s={search_term_string}"},"query-input":{"@type":"PropertyValueSpecification","valueRequired":true,"valueName":"search_term_string"}}],"inLanguage":"pt-PT"},{"@type":"Organization","@id":"https:\/\/curesz.org\/#organization","name":"Curesz Foundation","url":"https:\/\/curesz.org\/","logo":{"@type":"ImageObject","inLanguage":"pt-PT","@id":"https:\/\/curesz.org\/#\/schema\/logo\/image\/","url":"https:\/\/curesz.org\/wp-content\/uploads\/2020\/02\/cropped-Logo-with-Foundation-Custom.png","contentUrl":"https:\/\/curesz.org\/wp-content\/uploads\/2020\/02\/cropped-Logo-with-Foundation-Custom.png","width":200,"height":133,"caption":"Curesz Foundation"},"image":{"@id":"https:\/\/curesz.org\/#\/schema\/logo\/image\/"},"sameAs":["https:\/\/www.facebook.com\/Cureszorg\/","https:\/\/x.com\/cureszorg","https:\/\/www.instagram.com\/cureszfoundation\/","https:\/\/www.youtube.com\/channel\/UCT3uVzTt8jiJ2qdhuosHPvg"]}]}},"_links":{"self":[{"href":"https:\/\/curesz.org\/pt_pt\/wp-json\/wp\/v2\/pages\/4063","targetHints":{"allow":["GET"]}}],"collection":[{"href":"https:\/\/curesz.org\/pt_pt\/wp-json\/wp\/v2\/pages"}],"about":[{"href":"https:\/\/curesz.org\/pt_pt\/wp-json\/wp\/v2\/types\/page"}],"author":[{"embeddable":true,"href":"https:\/\/curesz.org\/pt_pt\/wp-json\/wp\/v2\/users\/3"}],"replies":[{"embeddable":true,"href":"https:\/\/curesz.org\/pt_pt\/wp-json\/wp\/v2\/comments?post=4063"}],"version-history":[{"count":5,"href":"https:\/\/curesz.org\/pt_pt\/wp-json\/wp\/v2\/pages\/4063\/revisions"}],"predecessor-version":[{"id":5477,"href":"https:\/\/curesz.org\/pt_pt\/wp-json\/wp\/v2\/pages\/4063\/revisions\/5477"}],"wp:attachment":[{"href":"https:\/\/curesz.org\/pt_pt\/wp-json\/wp\/v2\/media?parent=4063"}],"curies":[{"name":"wp","href":"https:\/\/api.w.org\/{rel}","templated":true}]}}