{"id":4772,"date":"2022-12-26T15:47:36","date_gmt":"2022-12-26T15:47:36","guid":{"rendered":"https:\/\/curesz.org\/?page_id=4772"},"modified":"2022-12-26T16:27:10","modified_gmt":"2022-12-26T16:27:10","slug":"targeting-brain-energy-metabolism-changes-in-schizophrenia","status":"publish","type":"page","link":"https:\/\/curesz.org\/pt_pt\/targeting-brain-energy-metabolism-changes-in-schizophrenia\/","title":{"rendered":"Alvejando as Altera\u00e7\u00f5es do Metabolismo Energ\u00e9tico Cerebral na Esquizofrenia"},"content":{"rendered":"<p><div class=\"fusion-fullwidth fullwidth-box fusion-builder-row-1 fusion-flex-container nonhundred-percent-fullwidth non-hundred-percent-height-scrolling\" style=\"--awb-border-radius-top-left:0px;--awb-border-radius-top-right:0px;--awb-border-radius-bottom-right:0px;--awb-border-radius-bottom-left:0px;--awb-flex-wrap:wrap;\" ><div class=\"fusion-builder-row fusion-row fusion-flex-align-items-flex-start fusion-flex-content-wrap\" style=\"max-width:1352px;margin-left: calc(-4% \/ 2 );margin-right: calc(-4% \/ 2 );\"><div class=\"fusion-layout-column fusion_builder_column fusion-builder-column-0 fusion_builder_column_1_4 1_4 fusion-flex-column\" style=\"--awb-bg-size:cover;--awb-width-large:25%;--awb-margin-top-large:0px;--awb-spacing-right-large:7.68%;--awb-margin-bottom-large:20px;--awb-spacing-left-large:7.68%;--awb-width-medium:100%;--awb-spacing-right-medium:1.92%;--awb-spacing-left-medium:1.92%;--awb-width-small:100%;--awb-spacing-right-small:1.92%;--awb-spacing-left-small:1.92%;\"><div class=\"fusion-column-wrapper fusion-column-has-shadow fusion-flex-justify-content-flex-start fusion-content-layout-column\"><div class=\"fusion-image-element\" style=\"--awb-caption-title-font-family:var(--h2_typography-font-family);--awb-caption-title-font-weight:var(--h2_typography-font-weight);--awb-caption-title-font-style:var(--h2_typography-font-style);--awb-caption-title-size:var(--h2_typography-font-size);--awb-caption-title-transform:var(--h2_typography-text-transform);--awb-caption-title-line-height:var(--h2_typography-line-height);--awb-caption-title-letter-spacing:var(--h2_typography-letter-spacing);\"><span class=\"fusion-imageframe imageframe-none imageframe-1 hover-type-none\"><img decoding=\"async\" width=\"2549\" height=\"2560\" title=\"Pruett Brandon cortado\" src=\"https:\/\/curesz.org\/wp-content\/uploads\/2022\/12\/Pruett-Brandon-cropped-scaled.jpg\" data-orig-src=\"https:\/\/curesz.org\/wp-content\/uploads\/2022\/12\/Pruett-Brandon-cropped-scaled.jpg\" alt class=\"lazyload img-responsive wp-image-4773\" srcset=\"data:image\/svg+xml,%3Csvg%20xmlns%3D%27http%3A%2F%2Fwww.w3.org%2F2000%2Fsvg%27%20width%3D%272549%27%20height%3D%272560%27%20viewBox%3D%270%200%202549%202560%27%3E%3Crect%20width%3D%272549%27%20height%3D%272560%27%20fill-opacity%3D%220%22%2F%3E%3C%2Fsvg%3E\" data-srcset=\"https:\/\/curesz.org\/wp-content\/uploads\/2022\/12\/Pruett-Brandon-cropped-200x201.jpg 200w, https:\/\/curesz.org\/wp-content\/uploads\/2022\/12\/Pruett-Brandon-cropped-400x402.jpg 400w, https:\/\/curesz.org\/wp-content\/uploads\/2022\/12\/Pruett-Brandon-cropped-600x602.jpg 600w, https:\/\/curesz.org\/wp-content\/uploads\/2022\/12\/Pruett-Brandon-cropped-800x803.jpg 800w, https:\/\/curesz.org\/wp-content\/uploads\/2022\/12\/Pruett-Brandon-cropped-1200x1205.jpg 1200w, https:\/\/curesz.org\/wp-content\/uploads\/2022\/12\/Pruett-Brandon-cropped-scaled.jpg 2549w\" data-sizes=\"auto\" data-orig-sizes=\"(max-width: 1024px) 100vw, (max-width: 640px) 100vw, 400px\" \/><\/span><\/div><div class=\"fusion-text fusion-text-1\"><p><strong>Brandon Scott Pruett, MD, PhD<\/strong><\/p>\n<\/div><\/div><\/div><div class=\"fusion-layout-column fusion_builder_column fusion-builder-column-1 fusion_builder_column_3_4 3_4 fusion-flex-column\" style=\"--awb-bg-size:cover;--awb-width-large:75%;--awb-margin-top-large:0px;--awb-spacing-right-large:2.56%;--awb-margin-bottom-large:20px;--awb-spacing-left-large:2.56%;--awb-width-medium:100%;--awb-spacing-right-medium:1.92%;--awb-spacing-left-medium:1.92%;--awb-width-small:100%;--awb-spacing-right-small:1.92%;--awb-spacing-left-small:1.92%;\"><div class=\"fusion-column-wrapper fusion-column-has-shadow fusion-flex-justify-content-flex-start fusion-content-layout-column\"><div class=\"fusion-text fusion-text-2\"><p><u>Associa\u00e7\u00e3o entre esquizofrenia e metabolismo energ\u00e9tico alterado<\/u><\/p>\n<p>Muitas pessoas est\u00e3o familiarizadas com o fato de que algumas das drogas antipsic\u00f3ticas usadas para tratar a esquizofrenia, como a olanzapina, podem causar ganho de peso, interrup\u00e7\u00f5es na regula\u00e7\u00e3o da glicose e podem predispor ao diabetes.<sup>1<\/sup>. No entanto, o que \u00e9 menos conhecido \u00e9 que a pr\u00f3pria esquizofrenia est\u00e1 realmente associada a altera\u00e7\u00f5es semelhantes<sup>2<\/sup>. De fato, v\u00e1rios estudos encontraram n\u00edveis elevados de glicose no sangue e resist\u00eancia \u00e0 insulina, caracter\u00edsticas de pr\u00e9-diabetes\/diabetes, mesmo em pacientes com primeiro epis\u00f3dio de esquizofrenia com pouco ou nenhum uso pr\u00e9vio de antipsic\u00f3ticos<sup>3<\/sup>. Embora o significado dessa associa\u00e7\u00e3o seja debatido, h\u00e1 evid\u00eancias que sugerem que essas interrup\u00e7\u00f5es podem realmente desempenhar um papel etiol\u00f3gico na esquizofrenia e seu desenvolvimento.<sup>4<\/sup>.<\/p>\n<p><u>Import\u00e2ncia do metabolismo energ\u00e9tico para a fun\u00e7\u00e3o cerebral<\/u><\/p>\n<p>Ent\u00e3o, como as interrup\u00e7\u00f5es do metabolismo energ\u00e9tico s\u00e3o relevantes para a fun\u00e7\u00e3o cerebral? Bem, acontece que o c\u00e9rebro consome muita energia. Na verdade, embora represente apenas 2% do peso corporal, o c\u00e9rebro consome cerca de 20% da ingest\u00e3o de energia<sup>5<\/sup>. Apesar disso, tem muito pouca capacidade de armazenar energia e, portanto, \u00e9 muito vulner\u00e1vel at\u00e9 mesmo a pequenas mudan\u00e7as no fornecimento de energia.<sup>5<\/sup>. A maior parte da energia consumida no c\u00e9rebro vai para a manuten\u00e7\u00e3o das sinapses<sup>5<\/sup>, as conex\u00f5es entre os neur\u00f4nios que permitem que eles se comuniquem. \u00c9 importante ressaltar que a disfun\u00e7\u00e3o das sinapses est\u00e1 fortemente implicada na esquizofrenia<sup>6<\/sup>.<\/p>\n<p><u>Altera\u00e7\u00f5es do metabolismo energ\u00e9tico cerebral na esquizofrenia<\/u><\/p>\n<p>Na esquizofrenia, parece haver uma mudan\u00e7a na forma como o c\u00e9rebro utiliza a energia com uma maior depend\u00eancia de um processo de gera\u00e7\u00e3o de energia a partir da glicose que \u00e9 muito menos eficiente e gera muito menos energia em geral.<sup>7<\/sup>. Al\u00e9m disso, esse processo leva ao ac\u00famulo de lactato (tamb\u00e9m conhecido como \u00e1cido l\u00e1tico), que causa aumento da acidez dos tecidos. De fato, v\u00e1rios estudos mostraram evid\u00eancias de aumento da acidez no c\u00e9rebro de pacientes com esquizofrenia.<sup>7,8<\/sup>. Assim, al\u00e9m da produ\u00e7\u00e3o de energia menos eficiente, que afeta diretamente a capacidade do c\u00e9rebro de manter as sinapses, as altera\u00e7\u00f5es do metabolismo energ\u00e9tico do c\u00e9rebro associadas \u00e0 esquizofrenia estressam ainda mais o c\u00e9rebro por meio do aumento da acidez.<\/p>\n<p><u>Mudan\u00e7as no metabolismo energ\u00e9tico cerebral da esquizofrenia como um potencial alvo de tratamento<\/u><\/p>\n<p>Um grupo que investigava esse problema primeiro identificou mudan\u00e7as de energia cerebral associadas \u00e0 esquizofrenia e depois tentou identificar drogas que pudessem reverter essas mudan\u00e7as. Uma das classes de medicamentos mais promissoras que eles identificaram inclui a pioglitazona, que \u00e9 um medicamento aprovado pela FDA que aumenta a sensibilidade do corpo \u00e0 insulina e \u00e9 um tratamento comumente usado para diabetes tipo II.<sup>9<\/sup>. Uma vez que, conforme mencionado acima, a resist\u00eancia \u00e0 insulina est\u00e1 frequentemente associada \u00e0 esquizofrenia, o uso de drogas desta classe pode ser particularmente ben\u00e9fico em pessoas com esquizofrenia. Este grupo ent\u00e3o tratou um modelo de rato com esquizofrenia com pioglitazona e descobriu que melhorou a mem\u00f3ria<sup>9<\/sup>.<\/p>\n<p>\u00c9 digno de nota que a pioglitazona tamb\u00e9m foi estudada como um tratamento complementar aos agentes antipsic\u00f3ticos tradicionais na esquizofrenia em dois ensaios cl\u00ednicos, embora ambos fossem estudos relativamente pequenos<sup>10,11<\/sup>. Al\u00e9m das melhorias nas medidas do metabolismo energ\u00e9tico (por exemplo, diminui\u00e7\u00e3o da glicose, melhora da sensibilidade \u00e0 insulina e melhora dos perfis lip\u00eddicos), os pacientes com esquizofrenia que receberam pioglitazona tamb\u00e9m tiveram melhorias nos escores de sintomas depressivos e negativos<sup>10,11<\/sup>. Embora muitas vezes haja um foco no tratamento dos sintomas positivos da esquizofrenia, que incluem del\u00edrios e alucina\u00e7\u00f5es, os sintomas depressivos e negativos da esquizofrenia, que incluem coisas como retraimento social, diminui\u00e7\u00e3o da motiva\u00e7\u00e3o, diminui\u00e7\u00e3o da fala e diminui\u00e7\u00e3o da capacidade de sentir prazer, s\u00e3o frequentemente os sintomas mais debilitantes e menos responsivos aos medicamentos antipsic\u00f3ticos tradicionais<sup>12<\/sup>. Assim, a melhora desses sintomas \u00e9 um achado muito importante.<\/p>\n<p><u>Dire\u00e7\u00f5es futuras<\/u><\/p>\n<p>Embora os estudos cl\u00ednicos de pioglitazona sejam promissores, conforme mencionado acima, eles s\u00e3o relativamente pequenos e precisam ser replicados em amostras de estudo maiores. Ainda assim, eles oferecem um vislumbre e demonstram a import\u00e2ncia de direcionar as mudan\u00e7as no metabolismo energ\u00e9tico do c\u00e9rebro no tratamento da esquizofrenia. Por um lado, pode ser uma maneira eficaz de melhorar os sintomas negativos e depressivos da esquizofrenia. Al\u00e9m disso, tamb\u00e9m pode melhorar altera\u00e7\u00f5es metab\u00f3licas amplas, como glicose elevada e diminui\u00e7\u00e3o da sensibilidade \u00e0 insulina, associadas n\u00e3o apenas \u00e0 esquizofrenia, mas tamb\u00e9m a muitos dos agentes antipsic\u00f3ticos que s\u00e3o os pilares atuais do tratamento. Isso \u00e9 incrivelmente importante, pois essas altera\u00e7\u00f5es metab\u00f3licas provavelmente contribuem para o aumento da taxa de morte prematura observada em indiv\u00edduos com esquizofrenia.<sup>13<\/sup>. Assim, estudos cont\u00ednuos visando a revers\u00e3o das altera\u00e7\u00f5es metab\u00f3licas na esquizofrenia t\u00eam grande potencial n\u00e3o apenas para melhorar o tratamento dessa doen\u00e7a, mas tamb\u00e9m para reduzir a mortalidade precoce associada.<\/p>\n<p>Brandon Scott Pruett, MD, PhD<br \/>\nProfessor assistente<br \/>\nDepartamento de Psiquiatria e Neurobiologia Comportamental<br \/>\nEscola de Medicina da Universidade do Alabama em Birmingham Heersink<\/p>\n<p>Refer\u00eancias<\/p>\n<p>1 Pillinger, T.<em> e outros<\/em> Efeitos comparativos de 18 antipsic\u00f3ticos na fun\u00e7\u00e3o metab\u00f3lica em pacientes com esquizofrenia, preditores de desregula\u00e7\u00e3o metab\u00f3lica e associa\u00e7\u00e3o com psicopatologia: uma revis\u00e3o sistem\u00e1tica e metan\u00e1lise de rede. <em>Lancet Psiquiatria<\/em> <strong>7<\/strong>, 64-77, doi:10.1016\/S2215-0366(19)30416-X (2020).<\/p>\n<p>2 Mitchell, AJ<em> e outros<\/em> Preval\u00eancia de s\u00edndrome metab\u00f3lica e anormalidades metab\u00f3licas na esquizofrenia e dist\u00farbios relacionados - uma revis\u00e3o sistem\u00e1tica e meta-an\u00e1lise. <em>touro esquizofr\u00eanico<\/em> <strong>39<\/strong>, 306-318, doi:10.1093\/schbul\/sbr148 (2013).<\/p>\n<p>3 Pillinger, T.<em> e outros<\/em> Homeostase da glicose prejudicada no primeiro epis\u00f3dio de esquizofrenia: uma revis\u00e3o sistem\u00e1tica e meta-an\u00e1lise. <em>Psiquiatria JAMA<\/em> <strong>74<\/strong>, 261-269, doi:10.1001\/jamapsychiatry.2016.3803 (2017).<\/p>\n<p>4 Li, Z.<em> e outros<\/em> Tra\u00e7os relacionados \u00e0 glicose e \u00e0 insulina, diabetes tipo 2 e risco de esquizofrenia: um estudo de randomiza\u00e7\u00e3o mendeliana. <em>EBioMedicine<\/em> <strong>34<\/strong>, 182-188, doi:10.1016\/j.ebiom.2018.07.037 (2018).<\/p>\n<p>5 Pulido, C. &amp; Ryan, TA Os pools de ves\u00edculas sin\u00e1pticas s\u00e3o uma importante carga metab\u00f3lica de repouso oculta dos terminais nervosos. <em>Ci\u00eancia Adv<\/em> <strong>7<\/strong>, eabi9027, doi:10.1126\/sciadv.abi9027 (2021).<\/p>\n<p>6 Trubetskoy, V.<em> e outros<\/em> O mapeamento de loci gen\u00f4micos implica genes e biologia sin\u00e1ptica na esquizofrenia. <em>Natureza<\/em> <strong>604<\/strong>, 502-508, doi: 10.1038\/s41586-022-04434-5 (2022).<\/p>\n<p>7 Pruett, BS &amp; Meador-Woodruff, JH Evid\u00eancias para altera\u00e7\u00e3o do metabolismo energ\u00e9tico, aumento do lactato e diminui\u00e7\u00e3o do pH no c\u00e9rebro da esquizofrenia: uma revis\u00e3o focada e meta-an\u00e1lise de estudos de espectroscopia de resson\u00e2ncia magn\u00e9tica e p\u00f3s-morte humana. <em>Esquizofre res<\/em> <strong>223<\/strong>, 29-42, doi:10.1016\/j.schres.2020.09.003 (2020).<\/p>\n<p>8Hagihara, H.<em> e outros<\/em> Diminui\u00e7\u00e3o do pH cerebral como um endofen\u00f3tipo compartilhado de dist\u00farbios psiqui\u00e1tricos. <em>Neuropsicofarmacologia<\/em> <strong>43<\/strong>, 459-468, doi:10.1038\/npp.2017.167 (2018).<\/p>\n<p>9 Sullivan, CR<em> e outros<\/em> An\u00e1lises de Conectividade de Altera\u00e7\u00f5es Bioenerg\u00e9ticas na Esquizofrenia: Identifica\u00e7\u00e3o de Novos Tratamentos. <em>Mol Neurobiol<\/em> <strong>56<\/strong>, 4492-4517, doi:10.1007\/s12035-018-1390-4 (2019).<\/p>\n<p>10 Smith, RC<em> e outros<\/em> Efeitos da pioglitazona em anormalidades metab\u00f3licas, psicopatologia e fun\u00e7\u00e3o cognitiva em pacientes esquizofr\u00eanicos tratados com medica\u00e7\u00e3o antipsic\u00f3tica: um estudo duplo-cego randomizado. <em>Esquizofre res<\/em> <strong>143<\/strong>, 18-24, doi:10.1016\/j.schres.2012.10.023 (2013).<\/p>\n<p>11 Iranpour, N.<em> e outros<\/em> Os efeitos da terapia adjuvante com pioglitazona nos sintomas negativos de pacientes com esquizofrenia cr\u00f4nica: um estudo duplo-cego e controlado por placebo. <em>Hum Psicof\u00e1rmaco<\/em> <strong>31<\/strong>, 103-112, doi:10.1002\/hup.2517 (2016).<\/p>\n<p>12 Buckley, PF &amp; Stahl, SM Tratamento farmacol\u00f3gico dos sintomas negativos da esquizofrenia: oportunidade terap\u00eautica ou beco sem sa\u00edda? <em>Acta Psychiatr Scand<\/em> <strong>115<\/strong>, 93-100, doi:10.1111\/j.1600-0447.2007.00992.x (2007).<\/p>\n<p>13 Olfson, M., Gerhard, T., Huang, C., Crystal, S. &amp; Stroup, TS Mortalidade prematura entre adultos com esquizofrenia nos Estados Unidos. <em>Psiquiatria JAMA<\/em> <strong>72<\/strong>, 1172-1181, doi:10.1001\/jamapsychiatry.2015.1737 (2015).<\/p>\n<\/div><\/div><\/div><\/div><\/div><div class=\"fusion-fullwidth fullwidth-box fusion-builder-row-2 fusion-flex-container hundred-percent-fullwidth non-hundred-percent-height-scrolling\" style=\"--awb-border-radius-top-left:0px;--awb-border-radius-top-right:0px;--awb-border-radius-bottom-right:0px;--awb-border-radius-bottom-left:0px;--awb-padding-top:0px;--awb-padding-right:0px;--awb-padding-bottom:0px;--awb-padding-left:0px;--awb-margin-top:0px;--awb-margin-bottom:0px;--awb-background-color:#015da7;--awb-flex-wrap:wrap;\" ><div class=\"fusion-builder-row fusion-row fusion-flex-align-items-flex-start fusion-flex-content-wrap\" style=\"width:104% !important;max-width:104% !important;margin-left: calc(-4% \/ 2 );margin-right: calc(-4% \/ 2 );\"><\/div><\/div>\n<\/p>","protected":false},"excerpt":{"rendered":"","protected":false},"author":3,"featured_media":0,"parent":0,"menu_order":0,"comment_status":"closed","ping_status":"closed","template":"100-width.php","meta":{"_acf_changed":false,"footnotes":""},"class_list":["post-4772","page","type-page","status-publish","hentry"],"acf":[],"yoast_head":"<!-- This site is optimized with the Yoast SEO plugin v27.5 - https:\/\/yoast.com\/product\/yoast-seo-wordpress\/ -->\n<title>Targeting Brain Energy Metabolism Changes in Schizophrenia - CURESZ Foundation<\/title>\n<meta name=\"robots\" content=\"index, follow, max-snippet:-1, max-image-preview:large, max-video-preview:-1\" \/>\n<link rel=\"canonical\" href=\"https:\/\/curesz.org\/pt_pt\/targeting-brain-energy-metabolism-changes-in-schizophrenia\/\" \/>\n<meta property=\"og:locale\" content=\"pt_PT\" \/>\n<meta property=\"og:type\" content=\"article\" \/>\n<meta property=\"og:title\" content=\"Targeting Brain Energy Metabolism Changes in Schizophrenia - CURESZ Foundation\" \/>\n<meta property=\"og:url\" content=\"https:\/\/curesz.org\/pt_pt\/targeting-brain-energy-metabolism-changes-in-schizophrenia\/\" \/>\n<meta property=\"og:site_name\" content=\"CURESZ Foundation\" \/>\n<meta property=\"article:publisher\" content=\"https:\/\/www.facebook.com\/Cureszorg\/\" \/>\n<meta property=\"article:modified_time\" content=\"2022-12-26T16:27:10+00:00\" \/>\n<meta name=\"twitter:card\" content=\"summary_large_image\" \/>\n<meta name=\"twitter:site\" content=\"@cureszorg\" \/>\n<meta name=\"twitter:label1\" content=\"Tempo estimado de leitura\" \/>\n\t<meta name=\"twitter:data1\" content=\"7 minutos\" \/>\n<script type=\"application\/ld+json\" class=\"yoast-schema-graph\">{\"@context\":\"https:\\\/\\\/schema.org\",\"@graph\":[{\"@type\":\"WebPage\",\"@id\":\"https:\\\/\\\/curesz.org\\\/targeting-brain-energy-metabolism-changes-in-schizophrenia\\\/\",\"url\":\"https:\\\/\\\/curesz.org\\\/targeting-brain-energy-metabolism-changes-in-schizophrenia\\\/\",\"name\":\"Targeting Brain Energy Metabolism Changes in Schizophrenia - CURESZ Foundation\",\"isPartOf\":{\"@id\":\"https:\\\/\\\/curesz.org\\\/#website\"},\"datePublished\":\"2022-12-26T15:47:36+00:00\",\"dateModified\":\"2022-12-26T16:27:10+00:00\",\"breadcrumb\":{\"@id\":\"https:\\\/\\\/curesz.org\\\/targeting-brain-energy-metabolism-changes-in-schizophrenia\\\/#breadcrumb\"},\"inLanguage\":\"pt-PT\",\"potentialAction\":[{\"@type\":\"ReadAction\",\"target\":[\"https:\\\/\\\/curesz.org\\\/targeting-brain-energy-metabolism-changes-in-schizophrenia\\\/\"]}]},{\"@type\":\"BreadcrumbList\",\"@id\":\"https:\\\/\\\/curesz.org\\\/targeting-brain-energy-metabolism-changes-in-schizophrenia\\\/#breadcrumb\",\"itemListElement\":[{\"@type\":\"ListItem\",\"position\":1,\"name\":\"Home\",\"item\":\"https:\\\/\\\/curesz.org\\\/\"},{\"@type\":\"ListItem\",\"position\":2,\"name\":\"Targeting Brain Energy Metabolism Changes in Schizophrenia\"}]},{\"@type\":\"WebSite\",\"@id\":\"https:\\\/\\\/curesz.org\\\/#website\",\"url\":\"https:\\\/\\\/curesz.org\\\/\",\"name\":\"CURESZ Foundation\",\"description\":\"The CURESZ Foundation provides educational updates to patients, families, healthcare professionals and the general public about schizophrenia.\",\"publisher\":{\"@id\":\"https:\\\/\\\/curesz.org\\\/#organization\"},\"potentialAction\":[{\"@type\":\"SearchAction\",\"target\":{\"@type\":\"EntryPoint\",\"urlTemplate\":\"https:\\\/\\\/curesz.org\\\/?s={search_term_string}\"},\"query-input\":{\"@type\":\"PropertyValueSpecification\",\"valueRequired\":true,\"valueName\":\"search_term_string\"}}],\"inLanguage\":\"pt-PT\"},{\"@type\":\"Organization\",\"@id\":\"https:\\\/\\\/curesz.org\\\/#organization\",\"name\":\"Curesz Foundation\",\"url\":\"https:\\\/\\\/curesz.org\\\/\",\"logo\":{\"@type\":\"ImageObject\",\"inLanguage\":\"pt-PT\",\"@id\":\"https:\\\/\\\/curesz.org\\\/#\\\/schema\\\/logo\\\/image\\\/\",\"url\":\"https:\\\/\\\/curesz.org\\\/wp-content\\\/uploads\\\/2020\\\/02\\\/cropped-Logo-with-Foundation-Custom.png\",\"contentUrl\":\"https:\\\/\\\/curesz.org\\\/wp-content\\\/uploads\\\/2020\\\/02\\\/cropped-Logo-with-Foundation-Custom.png\",\"width\":200,\"height\":133,\"caption\":\"Curesz Foundation\"},\"image\":{\"@id\":\"https:\\\/\\\/curesz.org\\\/#\\\/schema\\\/logo\\\/image\\\/\"},\"sameAs\":[\"https:\\\/\\\/www.facebook.com\\\/Cureszorg\\\/\",\"https:\\\/\\\/x.com\\\/cureszorg\",\"https:\\\/\\\/www.instagram.com\\\/cureszfoundation\\\/\",\"https:\\\/\\\/www.youtube.com\\\/channel\\\/UCT3uVzTt8jiJ2qdhuosHPvg\"]}]}<\/script>\n<!-- \/ Yoast SEO plugin. -->","yoast_head_json":{"title":"Targeting Brain Energy Metabolism Changes in Schizophrenia - CURESZ Foundation","robots":{"index":"index","follow":"follow","max-snippet":"max-snippet:-1","max-image-preview":"max-image-preview:large","max-video-preview":"max-video-preview:-1"},"canonical":"https:\/\/curesz.org\/pt_pt\/targeting-brain-energy-metabolism-changes-in-schizophrenia\/","og_locale":"pt_PT","og_type":"article","og_title":"Targeting Brain Energy Metabolism Changes in Schizophrenia - CURESZ Foundation","og_url":"https:\/\/curesz.org\/pt_pt\/targeting-brain-energy-metabolism-changes-in-schizophrenia\/","og_site_name":"CURESZ Foundation","article_publisher":"https:\/\/www.facebook.com\/Cureszorg\/","article_modified_time":"2022-12-26T16:27:10+00:00","twitter_card":"summary_large_image","twitter_site":"@cureszorg","twitter_misc":{"Tempo estimado de leitura":"7 minutos"},"schema":{"@context":"https:\/\/schema.org","@graph":[{"@type":"WebPage","@id":"https:\/\/curesz.org\/targeting-brain-energy-metabolism-changes-in-schizophrenia\/","url":"https:\/\/curesz.org\/targeting-brain-energy-metabolism-changes-in-schizophrenia\/","name":"Targeting Brain Energy Metabolism Changes in Schizophrenia - CURESZ Foundation","isPartOf":{"@id":"https:\/\/curesz.org\/#website"},"datePublished":"2022-12-26T15:47:36+00:00","dateModified":"2022-12-26T16:27:10+00:00","breadcrumb":{"@id":"https:\/\/curesz.org\/targeting-brain-energy-metabolism-changes-in-schizophrenia\/#breadcrumb"},"inLanguage":"pt-PT","potentialAction":[{"@type":"ReadAction","target":["https:\/\/curesz.org\/targeting-brain-energy-metabolism-changes-in-schizophrenia\/"]}]},{"@type":"BreadcrumbList","@id":"https:\/\/curesz.org\/targeting-brain-energy-metabolism-changes-in-schizophrenia\/#breadcrumb","itemListElement":[{"@type":"ListItem","position":1,"name":"Home","item":"https:\/\/curesz.org\/"},{"@type":"ListItem","position":2,"name":"Targeting Brain Energy Metabolism Changes in Schizophrenia"}]},{"@type":"WebSite","@id":"https:\/\/curesz.org\/#website","url":"https:\/\/curesz.org\/","name":"Funda\u00e7\u00e3o CURESZ","description":"A Funda\u00e7\u00e3o CURESZ fornece atualiza\u00e7\u00f5es educacionais para pacientes, familiares, profissionais de sa\u00fade e p\u00fablico em geral sobre esquizofrenia.","publisher":{"@id":"https:\/\/curesz.org\/#organization"},"potentialAction":[{"@type":"SearchAction","target":{"@type":"EntryPoint","urlTemplate":"https:\/\/curesz.org\/?s={search_term_string}"},"query-input":{"@type":"PropertyValueSpecification","valueRequired":true,"valueName":"search_term_string"}}],"inLanguage":"pt-PT"},{"@type":"Organization","@id":"https:\/\/curesz.org\/#organization","name":"Curesz Foundation","url":"https:\/\/curesz.org\/","logo":{"@type":"ImageObject","inLanguage":"pt-PT","@id":"https:\/\/curesz.org\/#\/schema\/logo\/image\/","url":"https:\/\/curesz.org\/wp-content\/uploads\/2020\/02\/cropped-Logo-with-Foundation-Custom.png","contentUrl":"https:\/\/curesz.org\/wp-content\/uploads\/2020\/02\/cropped-Logo-with-Foundation-Custom.png","width":200,"height":133,"caption":"Curesz Foundation"},"image":{"@id":"https:\/\/curesz.org\/#\/schema\/logo\/image\/"},"sameAs":["https:\/\/www.facebook.com\/Cureszorg\/","https:\/\/x.com\/cureszorg","https:\/\/www.instagram.com\/cureszfoundation\/","https:\/\/www.youtube.com\/channel\/UCT3uVzTt8jiJ2qdhuosHPvg"]}]}},"_links":{"self":[{"href":"https:\/\/curesz.org\/pt_pt\/wp-json\/wp\/v2\/pages\/4772","targetHints":{"allow":["GET"]}}],"collection":[{"href":"https:\/\/curesz.org\/pt_pt\/wp-json\/wp\/v2\/pages"}],"about":[{"href":"https:\/\/curesz.org\/pt_pt\/wp-json\/wp\/v2\/types\/page"}],"author":[{"embeddable":true,"href":"https:\/\/curesz.org\/pt_pt\/wp-json\/wp\/v2\/users\/3"}],"replies":[{"embeddable":true,"href":"https:\/\/curesz.org\/pt_pt\/wp-json\/wp\/v2\/comments?post=4772"}],"version-history":[{"count":3,"href":"https:\/\/curesz.org\/pt_pt\/wp-json\/wp\/v2\/pages\/4772\/revisions"}],"predecessor-version":[{"id":4782,"href":"https:\/\/curesz.org\/pt_pt\/wp-json\/wp\/v2\/pages\/4772\/revisions\/4782"}],"wp:attachment":[{"href":"https:\/\/curesz.org\/pt_pt\/wp-json\/wp\/v2\/media?parent=4772"}],"curies":[{"name":"wp","href":"https:\/\/api.w.org\/{rel}","templated":true}]}}